{"id":36,"date":"2024-09-14T14:06:17","date_gmt":"2024-09-14T14:06:17","guid":{"rendered":"https:\/\/valencia-international-airport.com\/?page_id=36"},"modified":"2026-04-02T21:37:43","modified_gmt":"2026-04-02T21:37:43","slug":"accueil","status":"publish","type":"page","link":"https:\/\/valencia-international-airport.com\/es\/","title":{"rendered":"Aeropuerto de Valencia"},"content":{"rendered":"<div data-elementor-type=\"wp-page\" data-elementor-id=\"36\" class=\"elementor elementor-36\" data-elementor-post-type=\"page\">\n\t\t\t\t\t\t<section class=\"elementor-section elementor-top-section elementor-element elementor-element-510e8e76 elementor-section-height-min-height elementor-section-boxed elementor-section-height-default elementor-section-items-middle\" data-id=\"510e8e76\" data-element_type=\"section\" data-e-type=\"section\" data-settings=\"{&quot;background_background&quot;:&quot;classic&quot;}\">\n\t\t\t\t\t\t\t<div class=\"elementor-background-overlay\"><\/div>\n\t\t\t\t\t\t\t<div class=\"elementor-container elementor-column-gap-default\">\n\t\t\t\t\t<div class=\"elementor-column elementor-col-100 elementor-top-column elementor-element elementor-element-5a7b11a3\" data-id=\"5a7b11a3\" data-element_type=\"column\" data-e-type=\"column\" data-settings=\"{&quot;background_background&quot;:&quot;classic&quot;}\">\n\t\t\t<div class=\"elementor-widget-wrap elementor-element-populated\">\n\t\t\t\t\t\t<div class=\"elementor-element elementor-element-412e04cd elementor-widget elementor-widget-heading\" data-id=\"412e04cd\" data-element_type=\"widget\" data-e-type=\"widget\" data-widget_type=\"heading.default\">\n\t\t\t\t<div class=\"elementor-widget-container\">\n\t\t\t\t\t<h1 class=\"elementor-heading-title elementor-size-default\">Aeropuerto de Valencia (VLC)<\/h1>\t\t\t\t<\/div>\n\t\t\t\t<\/div>\n\t\t\t\t<div class=\"elementor-element elementor-element-f8fbdaf elementor-widget elementor-widget-text-editor\" data-id=\"f8fbdaf\" data-element_type=\"widget\" data-e-type=\"widget\" data-widget_type=\"text-editor.default\">\n\t\t\t\t<div class=\"elementor-widget-container\">\n\t\t\t\t\t\t\t\t\t<p>Una puerta espa\u00f1ola clave y un importante nudo para los viajes regionales e internacionales<\/p>\t\t\t\t\t\t\t\t<\/div>\n\t\t\t\t<\/div>\n\t\t\t\t\t<\/div>\n\t\t<\/div>\n\t\t\t\t\t<\/div>\n\t\t<\/section>\n\t\t\t\t<section class=\"elementor-section elementor-top-section elementor-element elementor-element-60302ab2 elementor-section-content-middle elementor-section-boxed elementor-section-height-default elementor-section-height-default\" data-id=\"60302ab2\" data-element_type=\"section\" data-e-type=\"section\">\n\t\t\t\t\t\t<div class=\"elementor-container elementor-column-gap-default\">\n\t\t\t\t\t<div class=\"elementor-column elementor-col-50 elementor-top-column elementor-element elementor-element-548613b\" data-id=\"548613b\" data-element_type=\"column\" data-e-type=\"column\">\n\t\t\t<div class=\"elementor-widget-wrap elementor-element-populated\">\n\t\t\t\t\t\t<div class=\"elementor-element elementor-element-62647bd8 elementor-widget elementor-widget-heading\" data-id=\"62647bd8\" data-element_type=\"widget\" data-e-type=\"widget\" data-widget_type=\"heading.default\">\n\t\t\t\t<div class=\"elementor-widget-container\">\n\t\t\t\t\t<h2 class=\"elementor-heading-title elementor-size-default\">Aeropuerto de Valencia: Una c\u00f3moda puerta de entrada a la costa mediterr\u00e1nea espa\u00f1ola\n<\/h2>\t\t\t\t<\/div>\n\t\t\t\t<\/div>\n\t\t\t\t<div class=\"elementor-element elementor-element-6d9b606 elementor-widget elementor-widget-text-editor\" data-id=\"6d9b606\" data-element_type=\"widget\" data-e-type=\"widget\" data-widget_type=\"text-editor.default\">\n\t\t\t\t<div class=\"elementor-widget-container\">\n\t\t\t\t\t\t\t\t\t<p class=\"\" data-start=\"78\" data-end=\"569\">El Aeropuerto de Valencia, oficialmente conocido como Aeropuerto de Valencia (VLC) o Aeropuerto de Manises, es la principal puerta de entrada internacional a la ciudad de Valencia y sus alrededores. Convenientemente situado a s\u00f3lo 8 kil\u00f3metros (aproximadamente 5 millas) al oeste del centro hist\u00f3rico de Valencia, el aeropuerto es un centro de transporte clave dentro de la vibrante Comunidad Valenciana de Espa\u00f1a. Actualmente se encuentra entre los aeropuertos m\u00e1s transitados de Espa\u00f1a, lo que refleja su constante crecimiento en n\u00famero de pasajeros y actividades comerciales.<\/p><p class=\"\" data-start=\"571\" data-end=\"943\">Con frecuencia se hace referencia al aeropuerto simplemente como Aeropuerto de Valencia o de Manises. Este \u00faltimo nombre deriva de Manises, el municipio donde est\u00e1 situado el aeropuerto. Establecido como infraestructura cr\u00edtica para la conectividad regional, el aeropuerto de Valencia sigue desempe\u00f1ando un papel esencial para facilitar el turismo, el comercio y los viajes internacionales hacia y desde el este de Espa\u00f1a.<\/p><p class=\"\" data-start=\"945\" data-end=\"1621\">En la actualidad, el Aeropuerto de Valencia gestiona m\u00e1s de 10 millones de pasajeros al a\u00f1o, en constante aumento desde la recuperaci\u00f3n posterior a la pandemia (8,53 millones de pasajeros en 2022, aumentando significativamente hasta aproximadamente 10,8 millones de pasajeros en 2024). Acoge a una gran variedad de aerol\u00edneas, entre las que destacan compa\u00f1\u00edas como Iberia Regional (Air Nostrum), Ryanair, Vueling, Lufthansa, KLM y Air France. Dotado de una moderna infraestructura, el aeropuerto consta de una terminal principal de pasajeros y una \u00fanica pista, que gestiona eficazmente los vuelos nacionales e internacionales. El aeropuerto de Valencia opera principalmente rutas por toda Europa y ampl\u00eda constantemente sus conexiones con nuevos destinos internacionales.<\/p><p class=\"\" data-start=\"1623\" data-end=\"2175\">Como enlace de transporte esencial, el aeropuerto de Valencia ofrece amplios servicios e instalaciones. Los viajeros se benefician de numerosas opciones de restauraci\u00f3n, tiendas, servicios de negocios y c\u00f3modas salas VIP. En cuanto al transporte, el aeropuerto est\u00e1 perfectamente conectado con la ciudad y la regi\u00f3n a trav\u00e9s de m\u00faltiples y c\u00f3modas opciones, como l\u00edneas de metro (l\u00edneas 3 y 5 de Metrovalencia), servicios regulares de autob\u00fas, taxis disponibles directamente fuera de la terminal y empresas de alquiler de coches que ofrecen flexibilidad a los visitantes que deseen explorar la zona de forma independiente.<\/p>\t\t\t\t\t\t\t\t<\/div>\n\t\t\t\t<\/div>\n\t\t\t\t<div class=\"elementor-element elementor-element-8548036 elementor-widget elementor-widget-heading\" data-id=\"8548036\" data-element_type=\"widget\" data-e-type=\"widget\" data-widget_type=\"heading.default\">\n\t\t\t\t<div class=\"elementor-widget-container\">\n\t\t\t\t\t<h2 class=\"elementor-heading-title elementor-size-default\">Trazado del aeropuerto de Valencia<\/h2>\t\t\t\t<\/div>\n\t\t\t\t<\/div>\n\t\t\t\t<div class=\"elementor-element elementor-element-3df6fe4 elementor-widget elementor-widget-text-editor\" data-id=\"3df6fe4\" data-element_type=\"widget\" data-e-type=\"widget\" data-widget_type=\"text-editor.default\">\n\t\t\t\t<div class=\"elementor-widget-container\">\n\t\t\t\t\t\t\t\t\t<p class=\"\" data-start=\"203\" data-end=\"614\">El aeropuerto de Valencia (VLC) cuenta con <a href=\"https:\/\/valencia-international-airport.com\/guide\/terminaux\/\">edificio terminal \u00fanico<\/a>, El aeropuerto de Valencia, dise\u00f1ado para acoger c\u00f3modamente vuelos nacionales e internacionales en un espacio compacto y de f\u00e1cil navegaci\u00f3n. A diferencia de aeropuertos m\u00e1s grandes con m\u00faltiples terminales separadas, los pasajeros del Aeropuerto de Valencia se benefician de la simplicidad de acceder a todos los vuelos e instalaciones desde un edificio unificado sin necesidad de transbordos.<\/p><p class=\"\" data-start=\"616\" data-end=\"990\">La terminal del aeropuerto se ha modernizado considerablemente en los \u00faltimos a\u00f1os, mejorando su capacidad y la experiencia de los viajeros. En la actualidad, la terminal gestiona eficazmente los vuelos internacionales y del espacio Schengen a trav\u00e9s de zonas claramente delimitadas y dise\u00f1adas para optimizar el flujo de pasajeros. En su interior, los viajeros encontrar\u00e1n una gran variedad de tiendas, restaurantes, cafeter\u00edas y diversos servicios para los pasajeros.<\/p><p class=\"\" data-start=\"992\" data-end=\"1217\">Gracias a su dise\u00f1o sencillo, con una sola terminal, el Aeropuerto de Valencia simplifica los movimientos de los pasajeros, ofreciendo conexiones r\u00e1pidas, facturaci\u00f3n sencilla y procesos de embarque fluidos, todo dentro de una instalaci\u00f3n centralizada.<\/p>\t\t\t\t\t\t\t\t<\/div>\n\t\t\t\t<\/div>\n\t\t\t\t\t<\/div>\n\t\t<\/div>\n\t\t\t\t<div class=\"elementor-column elementor-col-50 elementor-top-column elementor-element elementor-element-f903dc0\" data-id=\"f903dc0\" data-element_type=\"column\" data-e-type=\"column\" data-settings=\"{&quot;background_background&quot;:&quot;classic&quot;}\">\n\t\t\t<div class=\"elementor-widget-wrap elementor-element-populated\">\n\t\t\t\t\t\t<div class=\"elementor-element elementor-element-2ba16e3 elementor-widget elementor-widget-text-editor\" data-id=\"2ba16e3\" data-element_type=\"widget\" data-e-type=\"widget\" data-widget_type=\"text-editor.default\">\n\t\t\t\t<div class=\"elementor-widget-container\">\n\t\t\t\t\t\t\t\t\t<p>Nombre del aeropuerto: <strong>Aeropuerto de Valencia (Aeropuerto de Valencia - Manises)<\/strong><\/p><p>C\u00f3digo IATA: <strong>VLC<\/strong><\/p><p>OACI: <strong>LEVC<\/strong><\/p><p>Ubicaci\u00f3n: <strong>Valencia, Espa\u00f1a<\/strong><\/p><p>Zona horaria: <strong>Hora central europea (GMT+1)<\/strong><\/p><p>Mapa del aeropuerto: <strong>Aeropuerto de Valencia el <a href=\"https:\/\/www.google.com\/maps\/place\/A%C3%A9roport+de+Valence\/@39.4880129,-0.4809144,17z\/data=!3m1!4b1!4m6!3m5!1s0xd605a9f60cc5a67:0x4cc2b7ffaab10182!8m2!3d39.4880129!4d-0.4809144!16zL20vMDlxODBn?entry=ttu&amp;g_ep=EgoyMDI1MDMyNC4wIKXMDSoASAFQAw%3D%3D\" target=\"_blank\" rel=\"nofollow noopener\">Google Maps<\/a><\/strong><\/p>\t\t\t\t\t\t\t\t<\/div>\n\t\t\t\t<\/div>\n\t\t\t\t<div class=\"elementor-element elementor-element-02360bd elementor-widget elementor-widget-html\" data-id=\"02360bd\" data-element_type=\"widget\" data-e-type=\"widget\" data-widget_type=\"html.default\">\n\t\t\t\t<div class=\"elementor-widget-container\">\n\t\t\t\t\t<div id=\"welcomepickups\">\r\n\r\n<script type=\"text\/props\">\r\n\r\n{\r\n\r\n\"city_name\":\"Valencia\",\r\n\r\n\"partner_id\":\"63468\",\r\n\r\n\"locale\":\"en\",\r\n\r\n\"\":\"\"\r\n\r\n}\r\n\r\n\r\n<\/script>\r\n\r\n<\/div>\r\n\r\n<script src=\" https:\/\/cdn.b2b.welcomepickups.com\/widget\/bundle.js\"><\/script>\t\t\t\t<\/div>\n\t\t\t\t<\/div>\n\t\t\t\t\t<\/div>\n\t\t<\/div>\n\t\t\t\t\t<\/div>\n\t\t<\/section>\n\t\t\t\t<section class=\"elementor-section elementor-top-section elementor-element elementor-element-30262c3e elementor-section-boxed elementor-section-height-default elementor-section-height-default\" data-id=\"30262c3e\" data-element_type=\"section\" data-e-type=\"section\">\n\t\t\t\t\t\t<div class=\"elementor-container elementor-column-gap-default\">\n\t\t\t\t\t<div class=\"elementor-column elementor-col-100 elementor-top-column elementor-element elementor-element-7f74f6c5\" data-id=\"7f74f6c5\" data-element_type=\"column\" data-e-type=\"column\">\n\t\t\t<div class=\"elementor-widget-wrap elementor-element-populated\">\n\t\t\t\t\t\t<section class=\"elementor-section elementor-inner-section elementor-element elementor-element-1aad680c elementor-section-boxed elementor-section-height-default elementor-section-height-default\" data-id=\"1aad680c\" data-element_type=\"section\" data-e-type=\"section\">\n\t\t\t\t\t\t<div class=\"elementor-container elementor-column-gap-default\">\n\t\t\t\t\t<div class=\"elementor-column elementor-col-33 elementor-inner-column elementor-element elementor-element-537c7042\" data-id=\"537c7042\" data-element_type=\"column\" data-e-type=\"column\">\n\t\t\t<div class=\"elementor-widget-wrap elementor-element-populated\">\n\t\t\t\t\t\t<div class=\"elementor-element elementor-element-4fe4ebb elementor-widget elementor-widget-heading\" data-id=\"4fe4ebb\" data-element_type=\"widget\" data-e-type=\"widget\" data-widget_type=\"heading.default\">\n\t\t\t\t<div class=\"elementor-widget-container\">\n\t\t\t\t\t<h2 class=\"elementor-heading-title elementor-size-default\">VLC Airlines<\/h2>\t\t\t\t<\/div>\n\t\t\t\t<\/div>\n\t\t\t\t<div class=\"elementor-element elementor-element-7151680 elementor-widget elementor-widget-text-editor\" data-id=\"7151680\" data-element_type=\"widget\" data-e-type=\"widget\" data-widget_type=\"text-editor.default\">\n\t\t\t\t<div class=\"elementor-widget-container\">\n\t\t\t\t\t\t\t\t\t<p class=\"\" data-start=\"172\" data-end=\"591\">El Aeropuerto de Valencia (VLC) acoge una variada selecci\u00f3n de <a href=\"https:\/\/valencia-international-airport.com\/flights\/airlines\/\">l\u00edneas a\u00e9reas<\/a>, El aeropuerto est\u00e1 situado en el centro de la ciudad, y atiende tanto a viajeros nacionales como internacionales. Numerosas compa\u00f1\u00edas a\u00e9reas espa\u00f1olas, junto con destacadas aerol\u00edneas internacionales, operan vuelos regulares desde y hacia esta importante puerta de entrada regional. Tanto las aerol\u00edneas tradicionales de servicio completo como las populares compa\u00f1\u00edas de bajo coste ofrecen servicios frecuentes, garantizando a los viajeros amplias opciones de comodidad y asequibilidad.<\/p><p class=\"\" data-start=\"593\" data-end=\"893\">El aeropuerto de Valencia es una importante base de operaciones para Iberia Regional (Air Nostrum), que tiene aqu\u00ed su sede. Tambi\u00e9n es una base importante para la aerol\u00ednea de bajo coste Ryanair y una ciudad foco para Vueling, que conecta Valencia con varios destinos en Espa\u00f1a, Europa y m\u00e1s all\u00e1.<\/p>\t\t\t\t\t\t\t\t<\/div>\n\t\t\t\t<\/div>\n\t\t\t\t\t<\/div>\n\t\t<\/div>\n\t\t\t\t<div class=\"elementor-column elementor-col-33 elementor-inner-column elementor-element elementor-element-6bcd982a\" data-id=\"6bcd982a\" data-element_type=\"column\" data-e-type=\"column\">\n\t\t\t<div class=\"elementor-widget-wrap elementor-element-populated\">\n\t\t\t\t\t\t<div class=\"elementor-element elementor-element-763d09d elementor-widget elementor-widget-heading\" data-id=\"763d09d\" data-element_type=\"widget\" data-e-type=\"widget\" data-widget_type=\"heading.default\">\n\t\t\t\t<div class=\"elementor-widget-container\">\n\t\t\t\t\t<h2 class=\"elementor-heading-title elementor-size-default\">Aparcamientos<\/h2>\t\t\t\t<\/div>\n\t\t\t\t<\/div>\n\t\t\t\t<div class=\"elementor-element elementor-element-bfe16fe elementor-widget elementor-widget-text-editor\" data-id=\"bfe16fe\" data-element_type=\"widget\" data-e-type=\"widget\" data-widget_type=\"text-editor.default\">\n\t\t\t\t<div class=\"elementor-widget-container\">\n\t\t\t\t\t\t\t\t\t<p class=\"\" data-start=\"201\" data-end=\"619\">El aeropuerto de Valencia ofrece c\u00f3modas y amplias <a href=\"https:\/\/valencia-international-airport.com\/guide\/parking\/\">aparcamientos<\/a> adaptados a las distintas necesidades de los viajeros. El aparcamiento principal (P1), situado justo enfrente de la terminal, ofrece unas 3.000 plazas, ideales tanto para estancias cortas como largas. Adem\u00e1s, los pasajeros que busquen un acceso r\u00e1pido pueden utilizar la zona de aparcamiento expr\u00e9s situada justo fuera de la terminal para dejar a sus pasajeros o para estancias breves.<\/p><p class=\"\" data-start=\"621\" data-end=\"955\">Para los viajeros que requieren una mayor comodidad, el aeropuerto de Valencia tambi\u00e9n ofrece servicios de aparcamiento VIP, que incluyen plazas reservadas, acceso directo a la terminal y comodidades adicionales. Adem\u00e1s, hay opciones econ\u00f3micas de aparcamiento de larga estancia a poca distancia de la terminal, lo que garantiza un precio asequible para estancias prolongadas.<\/p>\t\t\t\t\t\t\t\t<\/div>\n\t\t\t\t<\/div>\n\t\t\t\t\t<\/div>\n\t\t<\/div>\n\t\t\t\t<div class=\"elementor-column elementor-col-33 elementor-inner-column elementor-element elementor-element-6df965ee\" data-id=\"6df965ee\" data-element_type=\"column\" data-e-type=\"column\">\n\t\t\t<div class=\"elementor-widget-wrap elementor-element-populated\">\n\t\t\t\t\t\t<div class=\"elementor-element elementor-element-bc6a682 elementor-widget elementor-widget-heading\" data-id=\"bc6a682\" data-element_type=\"widget\" data-e-type=\"widget\" data-widget_type=\"heading.default\">\n\t\t\t\t<div class=\"elementor-widget-container\">\n\t\t\t\t\t<h2 class=\"elementor-heading-title elementor-size-default\">Opciones de transporte\n<\/h2>\t\t\t\t<\/div>\n\t\t\t\t<\/div>\n\t\t\t\t<div class=\"elementor-element elementor-element-f16a7fe elementor-widget elementor-widget-text-editor\" data-id=\"f16a7fe\" data-element_type=\"widget\" data-e-type=\"widget\" data-widget_type=\"text-editor.default\">\n\t\t\t\t<div class=\"elementor-widget-container\">\n\t\t\t\t\t\t\t\t\t<p>Los pasajeros que viajen desde el Aeropuerto de Valencia (VLC) al centro de la ciudad de Valencia o a sus alrededores pueden elegir c\u00f3modamente entre varias alternativas de transporte:<\/p><ol><li>un <a href=\"https:\/\/valencia-international-airport.com\/transportation\/airport-taxis\/\">Taxi aeropuerto Valencia<\/a><\/li><li>un autob\u00fas \/ el<a href=\"https:\/\/valencia-international-airport.com\/transportation\/bus\/\">\u00a0Aerob\u00fas<\/a><\/li><li>el <a href=\"https:\/\/valencia-international-airport.com\/transportation\/subway\/\">Metrovalencia (L\u00edneas 3 y 5)<\/a><\/li><li>a\u00a0<a href=\"https:\/\/valencia-international-airport.com\/transportation\/airport-transfers\/\">Traslado aeropuerto Valencia<\/a><\/li><li>a<a href=\"https:\/\/valencia-international-airport.com\/transportation\/airport-car-rentals\/\">\u00a0alquiler de coches<\/a><\/li><\/ol>\t\t\t\t\t\t\t\t<\/div>\n\t\t\t\t<\/div>\n\t\t\t\t\t<\/div>\n\t\t<\/div>\n\t\t\t\t\t<\/div>\n\t\t<\/section>\n\t\t\t\t<section class=\"elementor-section elementor-inner-section elementor-element elementor-element-384a7a62 elementor-section-boxed elementor-section-height-default elementor-section-height-default\" data-id=\"384a7a62\" data-element_type=\"section\" data-e-type=\"section\">\n\t\t\t\t\t\t<div class=\"elementor-container elementor-column-gap-default\">\n\t\t\t\t\t<div class=\"elementor-column elementor-col-50 elementor-inner-column elementor-element elementor-element-7ad09e32\" data-id=\"7ad09e32\" data-element_type=\"column\" data-e-type=\"column\">\n\t\t\t<div class=\"elementor-widget-wrap elementor-element-populated\">\n\t\t\t\t\t\t<div class=\"elementor-element elementor-element-ca8fa56 elementor-widget elementor-widget-heading\" data-id=\"ca8fa56\" data-element_type=\"widget\" data-e-type=\"widget\" data-widget_type=\"heading.default\">\n\t\t\t\t<div class=\"elementor-widget-container\">\n\t\t\t\t\t<h2 class=\"elementor-heading-title elementor-size-default\">Servicios e instalaciones\n<\/h2>\t\t\t\t<\/div>\n\t\t\t\t<\/div>\n\t\t\t\t<div class=\"elementor-element elementor-element-2b9461b elementor-widget elementor-widget-text-editor\" data-id=\"2b9461b\" data-element_type=\"widget\" data-e-type=\"widget\" data-widget_type=\"text-editor.default\">\n\t\t\t\t<div class=\"elementor-widget-container\">\n\t\t\t\t\t\t\t\t\t<p class=\"\" data-start=\"174\" data-end=\"379\">El VLC est\u00e1 totalmente equipado para garantizar una experiencia de viaje c\u00f3moda, pr\u00e1ctica y agradable. Los viajeros pueden esperar una amplia gama de comodidades de alta calidad y servicios de pasajeros, incluyendo:<\/p><ul data-start=\"381\" data-end=\"1052\" data-is-last-node=\"\" data-is-only-node=\"\"><li class=\"\" data-start=\"381\" data-end=\"423\"><p class=\"\" data-start=\"383\" data-end=\"423\">Tiendas minoristas y tiendas libres de impuestos<\/p><\/li><li class=\"\" data-start=\"424\" data-end=\"458\"><p class=\"\" data-start=\"426\" data-end=\"458\">Restaurantes, caf\u00e9s y bares<\/p><\/li><li class=\"\" data-start=\"459\" data-end=\"524\"><p class=\"\" data-start=\"461\" data-end=\"524\">Envoltura de equipajes, consigna y oficinas de objetos perdidos<\/p><\/li><li class=\"\" data-start=\"525\" data-end=\"568\"><p class=\"\" data-start=\"527\" data-end=\"568\">Instalaciones para empresas y salas de reuniones<\/p><\/li><li class=\"\" data-start=\"569\" data-end=\"615\"><p class=\"\" data-start=\"571\" data-end=\"615\">Asistencia m\u00e9dica y servicios farmac\u00e9uticos<\/p><\/li><li class=\"\" data-start=\"616\" data-end=\"667\"><p class=\"\" data-start=\"618\" data-end=\"667\">Servicios bancarios, cajeros autom\u00e1ticos y cambio de divisas<\/p><\/li><li class=\"\" data-start=\"668\" data-end=\"716\"><p class=\"\" data-start=\"670\" data-end=\"716\">Instalaciones familiares y zonas de juegos infantiles<\/p><\/li><li class=\"\" data-start=\"717\" data-end=\"757\"><p class=\"\" data-start=\"719\" data-end=\"757\">Capilla multiconfesional y salas de silencio<\/p><\/li><li class=\"\" data-start=\"758\" data-end=\"802\"><p class=\"\" data-start=\"760\" data-end=\"802\">Salas VIP para relajarse y estar c\u00f3modo<\/p><\/li><li class=\"\" data-start=\"803\" data-end=\"854\"><p class=\"\" data-start=\"805\" data-end=\"854\">Wi-Fi de alta velocidad gratuito en toda la terminal<\/p><\/li><li class=\"\" data-start=\"855\" data-end=\"899\"><p class=\"\" data-start=\"857\" data-end=\"899\">Mostradores de turoperadores y agencias de viajes<\/p><\/li><li class=\"\" data-start=\"900\" data-end=\"939\"><p class=\"\" data-start=\"902\" data-end=\"939\">Quioscos de informaci\u00f3n y asistencia<\/p><\/li><li class=\"\" data-start=\"940\" data-end=\"975\"><p class=\"\" data-start=\"942\" data-end=\"975\">Fuentes accesibles<\/p><\/li><li class=\"\" data-start=\"976\" data-end=\"1052\"><p class=\"\" data-start=\"978\" data-end=\"1052\">Asistencia e instalaciones especiales para pasajeros con movilidad reducida<\/p><\/li><\/ul>\t\t\t\t\t\t\t\t<\/div>\n\t\t\t\t<\/div>\n\t\t\t\t\t<\/div>\n\t\t<\/div>\n\t\t\t\t<div class=\"elementor-column elementor-col-50 elementor-inner-column elementor-element elementor-element-291cc60a\" data-id=\"291cc60a\" data-element_type=\"column\" data-e-type=\"column\">\n\t\t\t<div class=\"elementor-widget-wrap elementor-element-populated\">\n\t\t\t\t\t\t<div class=\"elementor-element elementor-element-002b7d9 elementor-widget elementor-widget-heading\" data-id=\"002b7d9\" data-element_type=\"widget\" data-e-type=\"widget\" data-widget_type=\"heading.default\">\n\t\t\t\t<div class=\"elementor-widget-container\">\n\t\t\t\t\t<h2 class=\"elementor-heading-title elementor-size-default\">Informaci\u00f3n de contacto\n<\/h2>\t\t\t\t<\/div>\n\t\t\t\t<\/div>\n\t\t\t\t<div class=\"elementor-element elementor-element-566694f elementor-widget elementor-widget-text-editor\" data-id=\"566694f\" data-element_type=\"widget\" data-e-type=\"widget\" data-widget_type=\"text-editor.default\">\n\t\t\t\t<div class=\"elementor-widget-container\">\n\t\t\t\t\t\t\t\t\t<p class=\"\" data-start=\"0\" data-end=\"68\">Nombre oficial: <strong>Aeropuerto de Valencia-Manises<\/strong><\/p><p class=\"\" data-start=\"70\" data-end=\"144\">Direcci\u00f3n: <strong>Carretera del Aeropuerto, s\/n, 46940 Manises, Valencia, Espa\u00f1a<\/strong><\/p><p class=\"\" data-start=\"146\" data-end=\"181\">N\u00famero de tel\u00e9fono: <strong>(+34) 913 211 000<\/strong><\/p><p class=\"\" data-start=\"183\" data-end=\"206\">Horario de apertura: <strong>24\/7<\/strong><\/p><p class=\"\" data-start=\"208\" data-end=\"306\">P\u00e1gina web oficial: \u00a0<a class=\"cursor-pointer\" href=\"https:\/\/www.aena.es\/en\/valencia.html\" target=\"_blank\" rel=\"nofollow noopener\" data-start=\"230\" data-end=\"306\" data-is-last-node=\"\">www.aena.es<\/a><\/p>\t\t\t\t\t\t\t\t<\/div>\n\t\t\t\t<\/div>\n\t\t\t\t<div class=\"elementor-element elementor-element-6fe27e6 elementor-widget elementor-widget-heading\" data-id=\"6fe27e6\" data-element_type=\"widget\" data-e-type=\"widget\" data-widget_type=\"heading.default\">\n\t\t\t\t<div class=\"elementor-widget-container\">\n\t\t\t\t\t<h2 class=\"elementor-heading-title elementor-size-default\">La ciudad de Valencia\n<\/h2>\t\t\t\t<\/div>\n\t\t\t\t<\/div>\n\t\t\t\t<div class=\"elementor-element elementor-element-10a3f65 elementor-widget elementor-widget-text-editor\" data-id=\"10a3f65\" data-element_type=\"widget\" data-e-type=\"widget\" data-widget_type=\"text-editor.default\">\n\t\t\t\t<div class=\"elementor-widget-container\">\n\t\t\t\t\t\t\t\t\t<p>Valencia combina a la perfecci\u00f3n el patrimonio centenario con el encanto contempor\u00e1neo. Su vibrante pasado hist\u00f3rico es evidente en toda la ciudad, reflejado v\u00edvidamente en su impresionante arquitectura, sus ic\u00f3nicos monumentos y sus bulliciosas plazas. Al mismo tiempo, Valencia destaca como una ciudad moderna y din\u00e1mica, famosa por su pr\u00f3spera escena cultural, sus innovadores eventos art\u00edsticos, sus elegantes distritos de moda y su animada vida nocturna. Los visitantes quedan r\u00e1pidamente cautivados por el acogedor esp\u00edritu mediterr\u00e1neo de la ciudad, que garantiza una experiencia aut\u00e9ntica llena de calidez y genuina hospitalidad.<\/p>\t\t\t\t\t\t\t\t<\/div>\n\t\t\t\t<\/div>\n\t\t\t\t\t<\/div>\n\t\t<\/div>\n\t\t\t\t\t<\/div>\n\t\t<\/section>\n\t\t\t\t\t<\/div>\n\t\t<\/div>\n\t\t\t\t\t<\/div>\n\t\t<\/section>\n\t\t\t\t<section class=\"elementor-section elementor-top-section elementor-element elementor-element-4e151ddb elementor-section-boxed elementor-section-height-default elementor-section-height-default\" data-id=\"4e151ddb\" data-element_type=\"section\" data-e-type=\"section\" data-settings=\"{&quot;background_background&quot;:&quot;classic&quot;}\">\n\t\t\t\t\t\t<div class=\"elementor-container elementor-column-gap-default\">\n\t\t\t\t\t<div class=\"elementor-column elementor-col-100 elementor-top-column elementor-element elementor-element-4df875da\" data-id=\"4df875da\" data-element_type=\"column\" data-e-type=\"column\">\n\t\t\t<div class=\"elementor-widget-wrap elementor-element-populated\">\n\t\t\t\t\t\t<div class=\"elementor-element elementor-element-f475fb2 elementor-widget elementor-widget-heading\" data-id=\"f475fb2\" data-element_type=\"widget\" data-e-type=\"widget\" data-widget_type=\"heading.default\">\n\t\t\t\t<div class=\"elementor-widget-container\">\n\t\t\t\t\t<h2 class=\"elementor-heading-title elementor-size-default\">Preguntas frecuentes<\/h2>\t\t\t\t<\/div>\n\t\t\t\t<\/div>\n\t\t\t\t<section class=\"elementor-section elementor-inner-section elementor-element elementor-element-7f8c3956 elementor-section-content-middle elementor-section-boxed elementor-section-height-default elementor-section-height-default\" data-id=\"7f8c3956\" data-element_type=\"section\" data-e-type=\"section\">\n\t\t\t\t\t\t<div class=\"elementor-container elementor-column-gap-default\">\n\t\t\t\t\t<div class=\"elementor-column elementor-col-100 elementor-inner-column elementor-element elementor-element-254613c8\" data-id=\"254613c8\" data-element_type=\"column\" data-e-type=\"column\">\n\t\t\t<div class=\"elementor-widget-wrap elementor-element-populated\">\n\t\t\t\t\t\t<div class=\"elementor-element elementor-element-ce762ed elementor-widget elementor-widget-heading\" data-id=\"ce762ed\" data-element_type=\"widget\" data-e-type=\"widget\" data-widget_type=\"heading.default\">\n\t\t\t\t<div class=\"elementor-widget-container\">\n\t\t\t\t\t<h3 class=\"elementor-heading-title elementor-size-default\">\u00bfHay varios aeropuertos en Valencia?\n<\/h3>\t\t\t\t<\/div>\n\t\t\t\t<\/div>\n\t\t\t\t<div class=\"elementor-element elementor-element-9e2f59b elementor-widget elementor-widget-text-editor\" data-id=\"9e2f59b\" data-element_type=\"widget\" data-e-type=\"widget\" data-widget_type=\"text-editor.default\">\n\t\t\t\t<div class=\"elementor-widget-container\">\n\t\t\t\t\t\t\t\t\t<p data-pm-slice=\"1 1 []\">Valencia cuenta principalmente con un aeropuerto principal, el Aeropuerto de Valencia (tambi\u00e9n conocido como Aeropuerto de Manises), situado a s\u00f3lo 8 km (5 millas) al oeste del centro de la ciudad. El aeropuerto de Alicante-Elche, a unos 170 km, tambi\u00e9n sirve a los viajeros que visitan la regi\u00f3n en general, dependiendo de la conveniencia y los requisitos espec\u00edficos del viaje.<\/p>\t\t\t\t\t\t\t\t<\/div>\n\t\t\t\t<\/div>\n\t\t\t\t<div class=\"elementor-element elementor-element-ac9fabe elementor-widget elementor-widget-heading\" data-id=\"ac9fabe\" data-element_type=\"widget\" data-e-type=\"widget\" data-widget_type=\"heading.default\">\n\t\t\t\t<div class=\"elementor-widget-container\">\n\t\t\t\t\t<h3 class=\"elementor-heading-title elementor-size-default\">\u00bfA qu\u00e9 distancia est\u00e1 el aeropuerto de Valencia del centro de la ciudad?\n<\/h3>\t\t\t\t<\/div>\n\t\t\t\t<\/div>\n\t\t\t\t<div class=\"elementor-element elementor-element-01acc21 elementor-widget elementor-widget-text-editor\" data-id=\"01acc21\" data-element_type=\"widget\" data-e-type=\"widget\" data-widget_type=\"text-editor.default\">\n\t\t\t\t<div class=\"elementor-widget-container\">\n\t\t\t\t\t\t\t\t\t<p data-pm-slice=\"1 1 []\">El aeropuerto de Valencia est\u00e1 convenientemente situado a s\u00f3lo 8 kil\u00f3metros (5 millas) del centro de la ciudad de Valencia. La corta distancia asegura traslados r\u00e1pidos y f\u00e1ciles Desde el aeropuerto al centro de la ciudad a trav\u00e9s de varios <a href=\"https:\/\/valencia-international-airport.com\/transportation\/\">opciones de transporte<\/a>, metro, autob\u00fas, taxi y coches de alquiler.<\/p>\t\t\t\t\t\t\t\t<\/div>\n\t\t\t\t<\/div>\n\t\t\t\t<div class=\"elementor-element elementor-element-fd0c0bb elementor-widget elementor-widget-heading\" data-id=\"fd0c0bb\" data-element_type=\"widget\" data-e-type=\"widget\" data-widget_type=\"heading.default\">\n\t\t\t\t<div class=\"elementor-widget-container\">\n\t\t\t\t\t<h3 class=\"elementor-heading-title elementor-size-default\">\u00bfCu\u00e1ntas terminales tiene el aeropuerto de Valencia?\n<\/h3>\t\t\t\t<\/div>\n\t\t\t\t<\/div>\n\t\t\t\t<div class=\"elementor-element elementor-element-67f179b elementor-widget elementor-widget-text-editor\" data-id=\"67f179b\" data-element_type=\"widget\" data-e-type=\"widget\" data-widget_type=\"text-editor.default\">\n\t\t\t\t<div class=\"elementor-widget-container\">\n\t\t\t\t\t\t\t\t\t<p data-pm-slice=\"1 1 []\">El Aeropuerto de Valencia opera con un \u00fanico y eficiente edificio terminal. Esta disposici\u00f3n racionalizada simplifica la navegaci\u00f3n y reduce los tiempos de tr\u00e1nsito de los viajeros.<\/p>\t\t\t\t\t\t\t\t<\/div>\n\t\t\t\t<\/div>\n\t\t\t\t<div class=\"elementor-element elementor-element-16ec2d3 elementor-widget elementor-widget-heading\" data-id=\"16ec2d3\" data-element_type=\"widget\" data-e-type=\"widget\" data-widget_type=\"heading.default\">\n\t\t\t\t<div class=\"elementor-widget-container\">\n\t\t\t\t\t<h3 class=\"elementor-heading-title elementor-size-default\">\u00bfEs f\u00e1cil navegar por el aeropuerto de Valencia?\n<\/h3>\t\t\t\t<\/div>\n\t\t\t\t<\/div>\n\t\t\t\t<div class=\"elementor-element elementor-element-21ae07d elementor-widget elementor-widget-text-editor\" data-id=\"21ae07d\" data-element_type=\"widget\" data-e-type=\"widget\" data-widget_type=\"text-editor.default\">\n\t\t\t\t<div class=\"elementor-widget-container\">\n\t\t\t\t\t\t\t\t\t<p data-pm-slice=\"1 1 []\">S\u00ed, el Aeropuerto de Valencia est\u00e1 dise\u00f1ado para facilitar su uso, ofreciendo una se\u00f1alizaci\u00f3n clara, una disposici\u00f3n compacta y unas instalaciones modernas y c\u00f3modas para los pasajeros. A los viajeros les resulta f\u00e1cil navegar por sus espacios e instalaciones bien organizados.<\/p>\t\t\t\t\t\t\t\t<\/div>\n\t\t\t\t<\/div>\n\t\t\t\t<div class=\"elementor-element elementor-element-d1e8603 elementor-widget elementor-widget-heading\" data-id=\"d1e8603\" data-element_type=\"widget\" data-e-type=\"widget\" data-widget_type=\"heading.default\">\n\t\t\t\t<div class=\"elementor-widget-container\">\n\t\t\t\t\t<h3 class=\"elementor-heading-title elementor-size-default\">\u00bfCon cu\u00e1nta antelaci\u00f3n debo llegar al aeropuerto de Valencia?\n<\/h3>\t\t\t\t<\/div>\n\t\t\t\t<\/div>\n\t\t\t\t<div class=\"elementor-element elementor-element-7f76710 elementor-widget elementor-widget-text-editor\" data-id=\"7f76710\" data-element_type=\"widget\" data-e-type=\"widget\" data-widget_type=\"text-editor.default\">\n\t\t\t\t<div class=\"elementor-widget-container\">\n\t\t\t\t\t\t\t\t\t<p data-pm-slice=\"1 1 []\">Se recomienda a los pasajeros que lleguen al aeropuerto de Valencia aproximadamente 2 horas antes de la hora de salida prevista para los vuelos nacionales y europeos, y unas 3 horas para los vuelos internacionales. As\u00ed dispondr\u00e1 de tiempo suficiente para los tr\u00e1mites de facturaci\u00f3n, seguridad y embarque.<\/p>\t\t\t\t\t\t\t\t<\/div>\n\t\t\t\t<\/div>\n\t\t\t\t\t<\/div>\n\t\t<\/div>\n\t\t\t\t\t<\/div>\n\t\t<\/section>\n\t\t\t\t<div class=\"elementor-element elementor-element-f69522f elementor-widget elementor-widget-heading\" data-id=\"f69522f\" data-element_type=\"widget\" data-e-type=\"widget\" data-widget_type=\"heading.default\">\n\t\t\t\t<div class=\"elementor-widget-container\">\n\t\t\t\t\t<h3 class=\"elementor-heading-title elementor-size-default\">\u00bfCu\u00e1les son las opciones de transporte desde el aeropuerto de Valencia?<\/h3>\t\t\t\t<\/div>\n\t\t\t\t<\/div>\n\t\t\t\t<div class=\"elementor-element elementor-element-a51dabe elementor-widget elementor-widget-text-editor\" data-id=\"a51dabe\" data-element_type=\"widget\" data-e-type=\"widget\" data-widget_type=\"text-editor.default\">\n\t\t\t\t<div class=\"elementor-widget-container\">\n\t\t\t\t\t\t\t\t\t<p>Transferencia de<a href=\"https:\/\/valencia-international-airport.com\/airport-transfer-to-valencia-city\/\">\u00a0Aeropuerto de Valencia a la ciudad<\/a>\u00a0o en cualquier otro lugar deber\u00eda resultar una tarea f\u00e1cil. Aparte de la c\u00f3moda\u00a0<a href=\"https:\/\/valencia-international-airport.com\/transportation\/airport-taxis\/\">taxis del aeropuerto<\/a>, el lujoso\u00a0<a href=\"https:\/\/valencia-international-airport.com\/transportation\/airport-transfers\/\">traslados privados al aeropuerto<\/a>, y el pr\u00e1ctico<a href=\"https:\/\/valencia-international-airport.com\/transportation\/airport-car-rentals\/\">\u00a0alquiler de coches en el aeropuerto,<\/a> El Aeropuerto de Valencia tambi\u00e9n est\u00e1 conectado con la ciudad de Valencia mediante transporte p\u00fablico. As\u00ed, autobuses, Metrovalencia est\u00e1n a su disposici\u00f3n nada m\u00e1s aterrizar en el Aeropuerto de VLC.\u00a0<\/p>\t\t\t\t\t\t\t\t<\/div>\n\t\t\t\t<\/div>\n\t\t\t\t\t<\/div>\n\t\t<\/div>\n\t\t\t\t\t<\/div>\n\t\t<\/section>\n\t\t\t\t<section class=\"elementor-section elementor-top-section elementor-element elementor-element-549c835e elementor-section-boxed elementor-section-height-default elementor-section-height-default\" data-id=\"549c835e\" data-element_type=\"section\" data-e-type=\"section\">\n\t\t\t\t\t\t<div class=\"elementor-container elementor-column-gap-default\">\n\t\t\t\t\t<div class=\"elementor-column elementor-col-33 elementor-top-column elementor-element elementor-element-42bc11ea\" data-id=\"42bc11ea\" data-element_type=\"column\" data-e-type=\"column\">\n\t\t\t<div class=\"elementor-widget-wrap elementor-element-populated\">\n\t\t\t\t\t\t<div class=\"elementor-element elementor-element-e744e15 elementor-cta--skin-cover elementor-animated-content elementor-bg-transform elementor-bg-transform-zoom-in elementor-widget elementor-widget-call-to-action\" data-id=\"e744e15\" data-element_type=\"widget\" data-e-type=\"widget\" data-widget_type=\"call-to-action.default\">\n\t\t\t\t<div class=\"elementor-widget-container\">\n\t\t\t\t\t\t\t<div class=\"elementor-cta\">\n\t\t\t\t\t<div class=\"elementor-cta__bg-wrapper\">\n\t\t\t\t<div class=\"elementor-cta__bg elementor-bg\" style=\"background-image: url(https:\/\/valencia-international-airport.com\/wp-content\/uploads\/2025\/03\/valencia-airport-transportation-1024x768.jpg);\" role=\"img\" aria-label=\"transporte aeropuerto valencia\"><\/div>\n\t\t\t\t<div class=\"elementor-cta__bg-overlay\"><\/div>\n\t\t\t<\/div>\n\t\t\t\t\t\t\t<div class=\"elementor-cta__content\">\n\t\t\t\t\n\t\t\t\t\t\t\t\t\t<h3 class=\"elementor-cta__title elementor-cta__content-item elementor-content-item elementor-animated-item--grow\">\n\t\t\t\t\t\tTransporte\t\t\t\t\t<\/h3>\n\t\t\t\t\n\t\t\t\t\n\t\t\t\t\t\t\t\t\t<div class=\"elementor-cta__button-wrapper elementor-cta__content-item elementor-content-item elementor-animated-item--grow\">\n\t\t\t\t\t<a class=\"elementor-cta__button elementor-button elementor-size-\" href=\"https:\/\/valencia-international-airport.com\/transportation\/\">\n\t\t\t\t\t\tM\u00e1s informaci\u00f3n\t\t\t\t\t<\/a>\n\t\t\t\t\t<\/div>\n\t\t\t\t\t\t\t<\/div>\n\t\t\t\t\t\t<\/div>\n\t\t\t\t\t\t<\/div>\n\t\t\t\t<\/div>\n\t\t\t\t\t<\/div>\n\t\t<\/div>\n\t\t\t\t<div class=\"elementor-column elementor-col-33 elementor-top-column elementor-element elementor-element-15b94ca\" data-id=\"15b94ca\" data-element_type=\"column\" data-e-type=\"column\">\n\t\t\t<div class=\"elementor-widget-wrap elementor-element-populated\">\n\t\t\t\t\t\t<div class=\"elementor-element elementor-element-f4e7781 elementor-cta--skin-cover elementor-animated-content elementor-bg-transform elementor-bg-transform-zoom-in elementor-widget elementor-widget-call-to-action\" data-id=\"f4e7781\" data-element_type=\"widget\" data-e-type=\"widget\" data-widget_type=\"call-to-action.default\">\n\t\t\t\t<div class=\"elementor-widget-container\">\n\t\t\t\t\t\t\t<div class=\"elementor-cta\">\n\t\t\t\t\t<div class=\"elementor-cta__bg-wrapper\">\n\t\t\t\t<div class=\"elementor-cta__bg elementor-bg\" style=\"background-image: url(https:\/\/valencia-international-airport.com\/wp-content\/uploads\/2025\/03\/valencia-airport-guide-1024x768.jpg);\" role=\"img\" aria-label=\"gu\u00eda del aeropuerto de valencia\"><\/div>\n\t\t\t\t<div class=\"elementor-cta__bg-overlay\"><\/div>\n\t\t\t<\/div>\n\t\t\t\t\t\t\t<div class=\"elementor-cta__content\">\n\t\t\t\t\n\t\t\t\t\t\t\t\t\t<h3 class=\"elementor-cta__title elementor-cta__content-item elementor-content-item elementor-animated-item--grow\">\n\t\t\t\t\t\tGu\u00eda de aeropuertos\t\t\t\t\t<\/h3>\n\t\t\t\t\n\t\t\t\t\n\t\t\t\t\t\t\t\t\t<div class=\"elementor-cta__button-wrapper elementor-cta__content-item elementor-content-item elementor-animated-item--grow\">\n\t\t\t\t\t<a class=\"elementor-cta__button elementor-button elementor-size-\" href=\"https:\/\/valencia-international-airport.com\/guide\/\">\n\t\t\t\t\t\tM\u00e1s informaci\u00f3n\t\t\t\t\t<\/a>\n\t\t\t\t\t<\/div>\n\t\t\t\t\t\t\t<\/div>\n\t\t\t\t\t\t<\/div>\n\t\t\t\t\t\t<\/div>\n\t\t\t\t<\/div>\n\t\t\t\t\t<\/div>\n\t\t<\/div>\n\t\t\t\t<div class=\"elementor-column elementor-col-33 elementor-top-column elementor-element elementor-element-0271301\" data-id=\"0271301\" data-element_type=\"column\" data-e-type=\"column\">\n\t\t\t<div class=\"elementor-widget-wrap elementor-element-populated\">\n\t\t\t\t\t\t<div class=\"elementor-element elementor-element-7f7bb49 elementor-cta--skin-cover elementor-animated-content elementor-bg-transform elementor-bg-transform-zoom-in elementor-widget elementor-widget-call-to-action\" data-id=\"7f7bb49\" data-element_type=\"widget\" data-e-type=\"widget\" data-widget_type=\"call-to-action.default\">\n\t\t\t\t<div class=\"elementor-widget-container\">\n\t\t\t\t\t\t\t<div class=\"elementor-cta\">\n\t\t\t\t\t<div class=\"elementor-cta__bg-wrapper\">\n\t\t\t\t<div class=\"elementor-cta__bg elementor-bg\" style=\"background-image: url(https:\/\/valencia-international-airport.com\/wp-content\/uploads\/2025\/03\/flight-valencia-airport-1024x768.jpg);\" role=\"img\" aria-label=\"vuelo aeropuerto de valencia\"><\/div>\n\t\t\t\t<div class=\"elementor-cta__bg-overlay\"><\/div>\n\t\t\t<\/div>\n\t\t\t\t\t\t\t<div class=\"elementor-cta__content\">\n\t\t\t\t\n\t\t\t\t\t\t\t\t\t<h3 class=\"elementor-cta__title elementor-cta__content-item elementor-content-item elementor-animated-item--grow\">\n\t\t\t\t\t\tVuelo\t\t\t\t\t<\/h3>\n\t\t\t\t\n\t\t\t\t\n\t\t\t\t\t\t\t\t\t<div class=\"elementor-cta__button-wrapper elementor-cta__content-item elementor-content-item elementor-animated-item--grow\">\n\t\t\t\t\t<a class=\"elementor-cta__button elementor-button elementor-size-\" href=\"https:\/\/valencia-international-airport.com\/flights\/\">\n\t\t\t\t\t\tM\u00e1s informaci\u00f3n\t\t\t\t\t<\/a>\n\t\t\t\t\t<\/div>\n\t\t\t\t\t\t\t<\/div>\n\t\t\t\t\t\t<\/div>\n\t\t\t\t\t\t<\/div>\n\t\t\t\t<\/div>\n\t\t\t\t\t<\/div>\n\t\t<\/div>\n\t\t\t\t\t<\/div>\n\t\t<\/section>\n\t\t\t\t<section class=\"elementor-section elementor-top-section elementor-element elementor-element-1232ca15 elementor-section-boxed elementor-section-height-default elementor-section-height-default\" data-id=\"1232ca15\" data-element_type=\"section\" data-e-type=\"section\">\n\t\t\t\t\t\t<div class=\"elementor-container elementor-column-gap-default\">\n\t\t\t\t\t<div class=\"elementor-column elementor-col-100 elementor-top-column elementor-element elementor-element-37a74afa\" data-id=\"37a74afa\" data-element_type=\"column\" data-e-type=\"column\">\n\t\t\t<div class=\"elementor-widget-wrap elementor-element-populated\">\n\t\t\t\t\t\t<div class=\"elementor-element elementor-element-d81a5c8 elementor-widget elementor-widget-heading\" data-id=\"d81a5c8\" data-element_type=\"widget\" data-e-type=\"widget\" data-widget_type=\"heading.default\">\n\t\t\t\t<div class=\"elementor-widget-container\">\n\t\t\t\t\t<h2 class=\"elementor-heading-title elementor-size-default\">GALERIE FOTO\n<\/h2>\t\t\t\t<\/div>\n\t\t\t\t<\/div>\n\t\t\t\t<div class=\"elementor-element elementor-element-790c606 elementor-widget elementor-widget-image-gallery\" data-id=\"790c606\" data-element_type=\"widget\" data-e-type=\"widget\" data-widget_type=\"image-gallery.default\">\n\t\t\t\t<div class=\"elementor-widget-container\">\n\t\t\t\t\t\t\t<div class=\"elementor-image-gallery\">\n\t\t\t<div id='gallery-1' class='gallery galleryid-36 gallery-columns-4 gallery-size-large'><figure class='gallery-item'>\n\t\t\t<div class='gallery-icon landscape'>\n\t\t\t\t<a data-elementor-open-lightbox=\"yes\" data-elementor-lightbox-slideshow=\"790c606\" data-elementor-lightbox-title=\"valencia airport transportation\" data-e-action-hash=\"#elementor-action%3Aaction%3Dlightbox%26settings%3DeyJpZCI6NDMyLCJ1cmwiOiJodHRwczpcL1wvdmFsZW5jaWEtaW50ZXJuYXRpb25hbC1haXJwb3J0LmNvbVwvd3AtY29udGVudFwvdXBsb2Fkc1wvMjAyNVwvMDNcL3ZhbGVuY2lhLWFpcnBvcnQtdHJhbnNwb3J0YXRpb24uanBnIiwic2xpZGVzaG93IjoiNzkwYzYwNiJ9\" href=\"https:\/\/valencia-international-airport.com\/wp-content\/uploads\/2025\/03\/valencia-airport-transportation.jpg\"><img fetchpriority=\"high\" decoding=\"async\" width=\"800\" height=\"600\" src=\"https:\/\/valencia-international-airport.com\/wp-content\/uploads\/2025\/03\/valencia-airport-transportation-1024x768.jpg\" class=\"attachment-large size-large\" alt=\"\" srcset=\"https:\/\/valencia-international-airport.com\/wp-content\/uploads\/2025\/03\/valencia-airport-transportation-1024x768.jpg 1024w, https:\/\/valencia-international-airport.com\/wp-content\/uploads\/2025\/03\/valencia-airport-transportation-300x225.jpg 300w, https:\/\/valencia-international-airport.com\/wp-content\/uploads\/2025\/03\/valencia-airport-transportation-768x576.jpg 768w, https:\/\/valencia-international-airport.com\/wp-content\/uploads\/2025\/03\/valencia-airport-transportation.jpg 1360w\" sizes=\"(max-width: 800px) 100vw, 800px\" \/><\/a>\n\t\t\t<\/div><\/figure><figure class='gallery-item'>\n\t\t\t<div class='gallery-icon landscape'>\n\t\t\t\t<a data-elementor-open-lightbox=\"yes\" data-elementor-lightbox-slideshow=\"790c606\" data-elementor-lightbox-title=\"VLC Airport\" data-e-action-hash=\"#elementor-action%3Aaction%3Dlightbox%26settings%3DeyJpZCI6NDM3LCJ1cmwiOiJodHRwczpcL1wvdmFsZW5jaWEtaW50ZXJuYXRpb25hbC1haXJwb3J0LmNvbVwvd3AtY29udGVudFwvdXBsb2Fkc1wvMjAyNVwvMDNcL1ZMQy1BaXJwb3J0LmpwZyIsInNsaWRlc2hvdyI6Ijc5MGM2MDYifQ%3D%3D\" href=\"https:\/\/valencia-international-airport.com\/wp-content\/uploads\/2025\/03\/VLC-Airport.jpg\"><img decoding=\"async\" width=\"800\" height=\"600\" src=\"https:\/\/valencia-international-airport.com\/wp-content\/uploads\/2025\/03\/VLC-Airport-1024x768.jpg\" class=\"attachment-large size-large\" alt=\"\" srcset=\"https:\/\/valencia-international-airport.com\/wp-content\/uploads\/2025\/03\/VLC-Airport-1024x768.jpg 1024w, https:\/\/valencia-international-airport.com\/wp-content\/uploads\/2025\/03\/VLC-Airport-300x225.jpg 300w, https:\/\/valencia-international-airport.com\/wp-content\/uploads\/2025\/03\/VLC-Airport-768x576.jpg 768w, https:\/\/valencia-international-airport.com\/wp-content\/uploads\/2025\/03\/VLC-Airport.jpg 1360w\" sizes=\"(max-width: 800px) 100vw, 800px\" \/><\/a>\n\t\t\t<\/div><\/figure><figure class='gallery-item'>\n\t\t\t<div class='gallery-icon landscape'>\n\t\t\t\t<a data-elementor-open-lightbox=\"yes\" data-elementor-lightbox-slideshow=\"790c606\" data-elementor-lightbox-title=\"valencia international airport\" data-e-action-hash=\"#elementor-action%3Aaction%3Dlightbox%26settings%3DeyJpZCI6NDM4LCJ1cmwiOiJodHRwczpcL1wvdmFsZW5jaWEtaW50ZXJuYXRpb25hbC1haXJwb3J0LmNvbVwvd3AtY29udGVudFwvdXBsb2Fkc1wvMjAyNVwvMDNcL3ZhbGVuY2lhLWludGVybmF0aW9uYWwtYWlycG9ydC5qcGciLCJzbGlkZXNob3ciOiI3OTBjNjA2In0%3D\" href=\"https:\/\/valencia-international-airport.com\/wp-content\/uploads\/2025\/03\/valencia-international-airport.jpg\"><img decoding=\"async\" width=\"800\" height=\"600\" src=\"https:\/\/valencia-international-airport.com\/wp-content\/uploads\/2025\/03\/valencia-international-airport-1024x768.jpg\" class=\"attachment-large size-large\" alt=\"\" srcset=\"https:\/\/valencia-international-airport.com\/wp-content\/uploads\/2025\/03\/valencia-international-airport-1024x768.jpg 1024w, https:\/\/valencia-international-airport.com\/wp-content\/uploads\/2025\/03\/valencia-international-airport-300x225.jpg 300w, https:\/\/valencia-international-airport.com\/wp-content\/uploads\/2025\/03\/valencia-international-airport-768x576.jpg 768w, https:\/\/valencia-international-airport.com\/wp-content\/uploads\/2025\/03\/valencia-international-airport.jpg 1360w\" sizes=\"(max-width: 800px) 100vw, 800px\" \/><\/a>\n\t\t\t<\/div><\/figure><figure class='gallery-item'>\n\t\t\t<div class='gallery-icon landscape'>\n\t\t\t\t<a data-elementor-open-lightbox=\"yes\" data-elementor-lightbox-slideshow=\"790c606\" data-elementor-lightbox-title=\"layover valencia airport\" data-e-action-hash=\"#elementor-action%3Aaction%3Dlightbox%26settings%3DeyJpZCI6NDM5LCJ1cmwiOiJodHRwczpcL1wvdmFsZW5jaWEtaW50ZXJuYXRpb25hbC1haXJwb3J0LmNvbVwvd3AtY29udGVudFwvdXBsb2Fkc1wvMjAyNVwvMDNcL2xheW92ZXItdmFsZW5jaWEtYWlycG9ydC5qcGciLCJzbGlkZXNob3ciOiI3OTBjNjA2In0%3D\" href=\"https:\/\/valencia-international-airport.com\/wp-content\/uploads\/2025\/03\/layover-valencia-airport.jpg\"><img loading=\"lazy\" decoding=\"async\" width=\"800\" height=\"600\" src=\"https:\/\/valencia-international-airport.com\/wp-content\/uploads\/2025\/03\/layover-valencia-airport-1024x768.jpg\" class=\"attachment-large size-large\" alt=\"escala aeropuerto de valencia\" srcset=\"https:\/\/valencia-international-airport.com\/wp-content\/uploads\/2025\/03\/layover-valencia-airport-1024x768.jpg 1024w, https:\/\/valencia-international-airport.com\/wp-content\/uploads\/2025\/03\/layover-valencia-airport-300x225.jpg 300w, https:\/\/valencia-international-airport.com\/wp-content\/uploads\/2025\/03\/layover-valencia-airport-768x576.jpg 768w, https:\/\/valencia-international-airport.com\/wp-content\/uploads\/2025\/03\/layover-valencia-airport.jpg 1360w\" sizes=\"(max-width: 800px) 100vw, 800px\" \/><\/a>\n\t\t\t<\/div><\/figure><figure class='gallery-item'>\n\t\t\t<div class='gallery-icon landscape'>\n\t\t\t\t<a data-elementor-open-lightbox=\"yes\" data-elementor-lightbox-slideshow=\"790c606\" data-elementor-lightbox-title=\"lavyor valencia airport\" data-e-action-hash=\"#elementor-action%3Aaction%3Dlightbox%26settings%3DeyJpZCI6NDQwLCJ1cmwiOiJodHRwczpcL1wvdmFsZW5jaWEtaW50ZXJuYXRpb25hbC1haXJwb3J0LmNvbVwvd3AtY29udGVudFwvdXBsb2Fkc1wvMjAyNVwvMDNcL2xhdnlvci12YWxlbmNpYS1haXJwb3J0LmpwZyIsInNsaWRlc2hvdyI6Ijc5MGM2MDYifQ%3D%3D\" href=\"https:\/\/valencia-international-airport.com\/wp-content\/uploads\/2025\/03\/lavyor-valencia-airport.jpg\"><img loading=\"lazy\" decoding=\"async\" width=\"800\" height=\"451\" src=\"https:\/\/valencia-international-airport.com\/wp-content\/uploads\/2025\/03\/lavyor-valencia-airport-1024x577.jpg\" class=\"attachment-large size-large\" alt=\"\" srcset=\"https:\/\/valencia-international-airport.com\/wp-content\/uploads\/2025\/03\/lavyor-valencia-airport-1024x577.jpg 1024w, https:\/\/valencia-international-airport.com\/wp-content\/uploads\/2025\/03\/lavyor-valencia-airport-300x169.jpg 300w, https:\/\/valencia-international-airport.com\/wp-content\/uploads\/2025\/03\/lavyor-valencia-airport-768x433.jpg 768w, https:\/\/valencia-international-airport.com\/wp-content\/uploads\/2025\/03\/lavyor-valencia-airport.jpg 1360w\" sizes=\"(max-width: 800px) 100vw, 800px\" \/><\/a>\n\t\t\t<\/div><\/figure><figure class='gallery-item'>\n\t\t\t<div class='gallery-icon landscape'>\n\t\t\t\t<a data-elementor-open-lightbox=\"yes\" data-elementor-lightbox-slideshow=\"790c606\" data-elementor-lightbox-title=\"valencia airport arrival\" data-e-action-hash=\"#elementor-action%3Aaction%3Dlightbox%26settings%3DeyJpZCI6NDQxLCJ1cmwiOiJodHRwczpcL1wvdmFsZW5jaWEtaW50ZXJuYXRpb25hbC1haXJwb3J0LmNvbVwvd3AtY29udGVudFwvdXBsb2Fkc1wvMjAyNVwvMDNcL3ZhbGVuY2lhLWFpcnBvcnQtYXJyaXZhbC5qcGciLCJzbGlkZXNob3ciOiI3OTBjNjA2In0%3D\" href=\"https:\/\/valencia-international-airport.com\/wp-content\/uploads\/2025\/03\/valencia-airport-arrival.jpg\"><img loading=\"lazy\" decoding=\"async\" width=\"800\" height=\"600\" src=\"https:\/\/valencia-international-airport.com\/wp-content\/uploads\/2025\/03\/valencia-airport-arrival-1024x768.jpg\" class=\"attachment-large size-large\" alt=\"aeropuerto de valencia llegada\" srcset=\"https:\/\/valencia-international-airport.com\/wp-content\/uploads\/2025\/03\/valencia-airport-arrival-1024x768.jpg 1024w, https:\/\/valencia-international-airport.com\/wp-content\/uploads\/2025\/03\/valencia-airport-arrival-300x225.jpg 300w, https:\/\/valencia-international-airport.com\/wp-content\/uploads\/2025\/03\/valencia-airport-arrival-768x576.jpg 768w, https:\/\/valencia-international-airport.com\/wp-content\/uploads\/2025\/03\/valencia-airport-arrival.jpg 1360w\" sizes=\"(max-width: 800px) 100vw, 800px\" \/><\/a>\n\t\t\t<\/div><\/figure><figure class='gallery-item'>\n\t\t\t<div class='gallery-icon landscape'>\n\t\t\t\t<a data-elementor-open-lightbox=\"yes\" data-elementor-lightbox-slideshow=\"790c606\" data-elementor-lightbox-title=\"valencia airport departure\" data-e-action-hash=\"#elementor-action%3Aaction%3Dlightbox%26settings%3DeyJpZCI6NDQyLCJ1cmwiOiJodHRwczpcL1wvdmFsZW5jaWEtaW50ZXJuYXRpb25hbC1haXJwb3J0LmNvbVwvd3AtY29udGVudFwvdXBsb2Fkc1wvMjAyNVwvMDNcL3ZhbGVuY2lhLWFpcnBvcnQtZGVwYXJ0dXJlLmpwZyIsInNsaWRlc2hvdyI6Ijc5MGM2MDYifQ%3D%3D\" href=\"https:\/\/valencia-international-airport.com\/wp-content\/uploads\/2025\/03\/valencia-airport-departure.jpg\"><img loading=\"lazy\" decoding=\"async\" width=\"500\" height=\"333\" src=\"https:\/\/valencia-international-airport.com\/wp-content\/uploads\/2025\/03\/valencia-airport-departure.jpg\" class=\"attachment-large size-large\" alt=\"salida del aeropuerto de valencia\" srcset=\"https:\/\/valencia-international-airport.com\/wp-content\/uploads\/2025\/03\/valencia-airport-departure.jpg 500w, https:\/\/valencia-international-airport.com\/wp-content\/uploads\/2025\/03\/valencia-airport-departure-300x200.jpg 300w\" sizes=\"(max-width: 500px) 100vw, 500px\" \/><\/a>\n\t\t\t<\/div><\/figure><figure class='gallery-item'>\n\t\t\t<div class='gallery-icon landscape'>\n\t\t\t\t<a data-elementor-open-lightbox=\"yes\" data-elementor-lightbox-slideshow=\"790c606\" data-elementor-lightbox-title=\"valencia airport guide\" data-e-action-hash=\"#elementor-action%3Aaction%3Dlightbox%26settings%3DeyJpZCI6NDMxLCJ1cmwiOiJodHRwczpcL1wvdmFsZW5jaWEtaW50ZXJuYXRpb25hbC1haXJwb3J0LmNvbVwvd3AtY29udGVudFwvdXBsb2Fkc1wvMjAyNVwvMDNcL3ZhbGVuY2lhLWFpcnBvcnQtZ3VpZGUuanBnIiwic2xpZGVzaG93IjoiNzkwYzYwNiJ9\" href=\"https:\/\/valencia-international-airport.com\/wp-content\/uploads\/2025\/03\/valencia-airport-guide.jpg\"><img loading=\"lazy\" decoding=\"async\" width=\"800\" height=\"600\" src=\"https:\/\/valencia-international-airport.com\/wp-content\/uploads\/2025\/03\/valencia-airport-guide-1024x768.jpg\" class=\"attachment-large size-large\" alt=\"\" srcset=\"https:\/\/valencia-international-airport.com\/wp-content\/uploads\/2025\/03\/valencia-airport-guide-1024x768.jpg 1024w, https:\/\/valencia-international-airport.com\/wp-content\/uploads\/2025\/03\/valencia-airport-guide-300x225.jpg 300w, https:\/\/valencia-international-airport.com\/wp-content\/uploads\/2025\/03\/valencia-airport-guide-768x576.jpg 768w, https:\/\/valencia-international-airport.com\/wp-content\/uploads\/2025\/03\/valencia-airport-guide.jpg 1360w\" sizes=\"(max-width: 800px) 100vw, 800px\" \/><\/a>\n\t\t\t<\/div><\/figure><figure class='gallery-item'>\n\t\t\t<div class='gallery-icon landscape'>\n\t\t\t\t<a data-elementor-open-lightbox=\"yes\" data-elementor-lightbox-slideshow=\"790c606\" data-elementor-lightbox-title=\"Valencia Airport\" data-e-action-hash=\"#elementor-action%3Aaction%3Dlightbox%26settings%3DeyJpZCI6NDIxLCJ1cmwiOiJodHRwczpcL1wvdmFsZW5jaWEtaW50ZXJuYXRpb25hbC1haXJwb3J0LmNvbVwvd3AtY29udGVudFwvdXBsb2Fkc1wvMjAyNVwvMDNcL1ZhbGVuY2lhLUFpcnBvcnQuanBnIiwic2xpZGVzaG93IjoiNzkwYzYwNiJ9\" href=\"https:\/\/valencia-international-airport.com\/wp-content\/uploads\/2025\/03\/Valencia-Airport.jpg\"><img loading=\"lazy\" decoding=\"async\" width=\"800\" height=\"600\" src=\"https:\/\/valencia-international-airport.com\/wp-content\/uploads\/2025\/03\/Valencia-Airport-1024x768.jpg\" class=\"attachment-large size-large\" alt=\"Aeropuerto de Valencia\" srcset=\"https:\/\/valencia-international-airport.com\/wp-content\/uploads\/2025\/03\/Valencia-Airport-1024x768.jpg 1024w, https:\/\/valencia-international-airport.com\/wp-content\/uploads\/2025\/03\/Valencia-Airport-300x225.jpg 300w, https:\/\/valencia-international-airport.com\/wp-content\/uploads\/2025\/03\/Valencia-Airport-768x576.jpg 768w, https:\/\/valencia-international-airport.com\/wp-content\/uploads\/2025\/03\/Valencia-Airport.jpg 1360w\" sizes=\"(max-width: 800px) 100vw, 800px\" \/><\/a>\n\t\t\t<\/div><\/figure><figure class='gallery-item'>\n\t\t\t<div class='gallery-icon landscape'>\n\t\t\t\t<a data-elementor-open-lightbox=\"yes\" data-elementor-lightbox-slideshow=\"790c606\" data-elementor-lightbox-title=\"Valencia Airport (VLC)\" data-e-action-hash=\"#elementor-action%3Aaction%3Dlightbox%26settings%3DeyJpZCI6NDIwLCJ1cmwiOiJodHRwczpcL1wvdmFsZW5jaWEtaW50ZXJuYXRpb25hbC1haXJwb3J0LmNvbVwvd3AtY29udGVudFwvdXBsb2Fkc1wvMjAyNVwvMDNcL1ZhbGVuY2lhLUFpcnBvcnQtVkxDLmpwZyIsInNsaWRlc2hvdyI6Ijc5MGM2MDYifQ%3D%3D\" href=\"https:\/\/valencia-international-airport.com\/wp-content\/uploads\/2025\/03\/Valencia-Airport-VLC.jpg\"><img loading=\"lazy\" decoding=\"async\" width=\"800\" height=\"600\" src=\"https:\/\/valencia-international-airport.com\/wp-content\/uploads\/2025\/03\/Valencia-Airport-VLC-1024x768.jpg\" class=\"attachment-large size-large\" alt=\"Aeropuerto de Valencia (VLC)\" srcset=\"https:\/\/valencia-international-airport.com\/wp-content\/uploads\/2025\/03\/Valencia-Airport-VLC-1024x768.jpg 1024w, https:\/\/valencia-international-airport.com\/wp-content\/uploads\/2025\/03\/Valencia-Airport-VLC-300x225.jpg 300w, https:\/\/valencia-international-airport.com\/wp-content\/uploads\/2025\/03\/Valencia-Airport-VLC-768x576.jpg 768w, https:\/\/valencia-international-airport.com\/wp-content\/uploads\/2025\/03\/Valencia-Airport-VLC.jpg 1360w\" sizes=\"(max-width: 800px) 100vw, 800px\" \/><\/a>\n\t\t\t<\/div><\/figure><figure class='gallery-item'>\n\t\t\t<div class='gallery-icon landscape'>\n\t\t\t\t<a data-elementor-open-lightbox=\"yes\" data-elementor-lightbox-slideshow=\"790c606\" data-elementor-lightbox-title=\"flight valencia airport\" data-e-action-hash=\"#elementor-action%3Aaction%3Dlightbox%26settings%3DeyJpZCI6NDI5LCJ1cmwiOiJodHRwczpcL1wvdmFsZW5jaWEtaW50ZXJuYXRpb25hbC1haXJwb3J0LmNvbVwvd3AtY29udGVudFwvdXBsb2Fkc1wvMjAyNVwvMDNcL2ZsaWdodC12YWxlbmNpYS1haXJwb3J0LmpwZyIsInNsaWRlc2hvdyI6Ijc5MGM2MDYifQ%3D%3D\" href=\"https:\/\/valencia-international-airport.com\/wp-content\/uploads\/2025\/03\/flight-valencia-airport.jpg\"><img loading=\"lazy\" decoding=\"async\" width=\"800\" height=\"600\" src=\"https:\/\/valencia-international-airport.com\/wp-content\/uploads\/2025\/03\/flight-valencia-airport-1024x768.jpg\" class=\"attachment-large size-large\" alt=\"vuelo aeropuerto de valencia\" srcset=\"https:\/\/valencia-international-airport.com\/wp-content\/uploads\/2025\/03\/flight-valencia-airport-1024x768.jpg 1024w, https:\/\/valencia-international-airport.com\/wp-content\/uploads\/2025\/03\/flight-valencia-airport-300x225.jpg 300w, https:\/\/valencia-international-airport.com\/wp-content\/uploads\/2025\/03\/flight-valencia-airport-768x576.jpg 768w, https:\/\/valencia-international-airport.com\/wp-content\/uploads\/2025\/03\/flight-valencia-airport.jpg 1360w\" sizes=\"(max-width: 800px) 100vw, 800px\" \/><\/a>\n\t\t\t<\/div><\/figure>\n\t\t<\/div>\n\t\t<\/div>\n\t\t\t\t\t\t<\/div>\n\t\t\t\t<\/div>\n\t\t\t\t\t<\/div>\n\t\t<\/div>\n\t\t\t\t\t<\/div>\n\t\t<\/section>\n\t\t\t\t<\/div>","protected":false},"excerpt":{"rendered":"<p>Valencia Airport (VLC) A Key Spanish Gateway and Important Hub for Regional and International Travel Valencia Airport: A Convenient Gateway to Spain\u2019s Mediterranean Coast Valencia Airport, officially known as Aeropuerto de Valencia (VLC) or Manises Airport, is the main international gateway serving Valencia city and its surrounding communities. Conveniently located only 8 kilometers (approximately 5 [&hellip;]<\/p>\n","protected":false},"author":1,"featured_media":0,"parent":0,"menu_order":0,"comment_status":"closed","ping_status":"closed","template":"","meta":{"footnotes":""},"class_list":["post-36","page","type-page","status-publish","hentry"],"_links":{"self":[{"href":"https:\/\/valencia-international-airport.com\/es\/wp-json\/wp\/v2\/pages\/36","targetHints":{"allow":["GET"]}}],"collection":[{"href":"https:\/\/valencia-international-airport.com\/es\/wp-json\/wp\/v2\/pages"}],"about":[{"href":"https:\/\/valencia-international-airport.com\/es\/wp-json\/wp\/v2\/types\/page"}],"author":[{"embeddable":true,"href":"https:\/\/valencia-international-airport.com\/es\/wp-json\/wp\/v2\/users\/1"}],"replies":[{"embeddable":true,"href":"https:\/\/valencia-international-airport.com\/es\/wp-json\/wp\/v2\/comments?post=36"}],"version-history":[{"count":74,"href":"https:\/\/valencia-international-airport.com\/es\/wp-json\/wp\/v2\/pages\/36\/revisions"}],"predecessor-version":[{"id":759,"href":"https:\/\/valencia-international-airport.com\/es\/wp-json\/wp\/v2\/pages\/36\/revisions\/759"}],"wp:attachment":[{"href":"https:\/\/valencia-international-airport.com\/es\/wp-json\/wp\/v2\/media?parent=36"}],"curies":[{"name":"wp","href":"https:\/\/api.w.org\/{rel}","templated":true}]}}