{"id":606,"date":"2025-04-02T13:09:31","date_gmt":"2025-04-02T13:09:31","guid":{"rendered":"https:\/\/valencia-international-airport.com\/?page_id=606"},"modified":"2025-10-20T13:48:41","modified_gmt":"2025-10-20T13:48:41","slug":"metro","status":"publish","type":"page","link":"https:\/\/valencia-international-airport.com\/es\/transportation\/subway\/","title":{"rendered":"Metro Aeropuerto de Valencia"},"content":{"rendered":"<div data-elementor-type=\"wp-page\" data-elementor-id=\"606\" class=\"elementor elementor-606\" data-elementor-post-type=\"page\">\n\t\t\t\t\t\t<section class=\"elementor-section elementor-top-section elementor-element elementor-element-560def9f elementor-section-height-min-height elementor-section-boxed elementor-section-height-default elementor-section-items-middle\" data-id=\"560def9f\" data-element_type=\"section\" data-e-type=\"section\" data-settings=\"{&quot;background_background&quot;:&quot;classic&quot;}\">\n\t\t\t\t\t\t\t<div class=\"elementor-background-overlay\"><\/div>\n\t\t\t\t\t\t\t<div class=\"elementor-container elementor-column-gap-default\">\n\t\t\t\t\t<div class=\"elementor-column elementor-col-100 elementor-top-column elementor-element elementor-element-65c5d5e8\" data-id=\"65c5d5e8\" data-element_type=\"column\" data-e-type=\"column\">\n\t\t\t<div class=\"elementor-widget-wrap elementor-element-populated\">\n\t\t\t\t\t\t<div class=\"elementor-element elementor-element-58428f33 elementor-widget elementor-widget-heading\" data-id=\"58428f33\" data-element_type=\"widget\" data-e-type=\"widget\" data-widget_type=\"heading.default\">\n\t\t\t\t<div class=\"elementor-widget-container\">\n\t\t\t\t\t<h1 class=\"elementor-heading-title elementor-size-default\">Metro Aeropuerto de Valencia\n<\/h1>\t\t\t\t<\/div>\n\t\t\t\t<\/div>\n\t\t\t\t<div class=\"elementor-element elementor-element-4e9a4b5f elementor-widget elementor-widget-heading\" data-id=\"4e9a4b5f\" data-element_type=\"widget\" data-e-type=\"widget\" data-widget_type=\"heading.default\">\n\t\t\t\t<div class=\"elementor-widget-container\">\n\t\t\t\t\t<p class=\"elementor-heading-title elementor-size-default\">Servicios de enlace baratos y eficaces desde el aeropuerto de VLC<\/p>\t\t\t\t<\/div>\n\t\t\t\t<\/div>\n\t\t\t\t<div class=\"elementor-element elementor-element-85506b1 elementor-align-center elementor-widget elementor-widget-button\" data-id=\"85506b1\" data-element_type=\"widget\" data-e-type=\"widget\" data-widget_type=\"button.default\">\n\t\t\t\t<div class=\"elementor-widget-container\">\n\t\t\t\t\t\t\t\t\t<div class=\"elementor-button-wrapper\">\n\t\t\t\t\t<a class=\"elementor-button elementor-button-link elementor-size-sm\" href=\"#Book\">\n\t\t\t\t\t\t<span class=\"elementor-button-content-wrapper\">\n\t\t\t\t\t\t\t\t\t<span class=\"elementor-button-text\">Reserve sus traslados con antelaci\u00f3n<\/span>\n\t\t\t\t\t<\/span>\n\t\t\t\t\t<\/a>\n\t\t\t\t<\/div>\n\t\t\t\t\t\t\t\t<\/div>\n\t\t\t\t<\/div>\n\t\t\t\t<div class=\"elementor-element elementor-element-3ea0628 elementor-view-default elementor-invisible elementor-widget elementor-widget-icon\" data-id=\"3ea0628\" data-element_type=\"widget\" data-e-type=\"widget\" data-settings=\"{&quot;_animation&quot;:&quot;fadeInDown&quot;,&quot;_animation_delay&quot;:500}\" data-widget_type=\"icon.default\">\n\t\t\t\t<div class=\"elementor-widget-container\">\n\t\t\t\t\t\t\t<div class=\"elementor-icon-wrapper\">\n\t\t\t<div class=\"elementor-icon\">\n\t\t\t<svg aria-hidden=\"true\" class=\"e-font-icon-svg e-fas-chevron-down\" viewbox=\"0 0 448 512\" xmlns=\"http:\/\/www.w3.org\/2000\/svg\"><path d=\"M207.029 381.476L12.686 187.132c-9.373-9.373-9.373-24.569 0-33.941l22.667-22.667c9.357-9.357 24.522-9.375 33.901-.04L224 284.505l154.745-154.021c9.379-9.335 24.544-9.317 33.901.04l22.667 22.667c9.373 9.373 9.373 24.569 0 33.941L240.971 381.476c-9.373 9.372-24.569 9.372-33.942 0z\"><\/path><\/svg>\t\t\t<\/div>\n\t\t<\/div>\n\t\t\t\t\t\t<\/div>\n\t\t\t\t<\/div>\n\t\t\t\t\t<\/div>\n\t\t<\/div>\n\t\t\t\t\t<\/div>\n\t\t<\/section>\n\t\t\t\t<section class=\"elementor-section elementor-top-section elementor-element elementor-element-5a5eef55 elementor-section-content-middle elementor-section-boxed elementor-section-height-default elementor-section-height-default\" data-id=\"5a5eef55\" data-element_type=\"section\" data-e-type=\"section\">\n\t\t\t\t\t\t<div class=\"elementor-container elementor-column-gap-default\">\n\t\t\t\t\t<div class=\"elementor-column elementor-col-50 elementor-top-column elementor-element elementor-element-d687afe\" data-id=\"d687afe\" data-element_type=\"column\" data-e-type=\"column\">\n\t\t\t<div class=\"elementor-widget-wrap elementor-element-populated\">\n\t\t\t\t\t\t<div class=\"elementor-element elementor-element-5f384c6 elementor-widget elementor-widget-text-editor\" data-id=\"5f384c6\" data-element_type=\"widget\" data-e-type=\"widget\" data-widget_type=\"text-editor.default\">\n\t\t\t\t<div class=\"elementor-widget-container\">\n\t\t\t\t\t\t\t\t\t<p><strong><a href=\"https:\/\/valencia-international-airport.com\/\">Aeropuerto Internacional de Valencia (VLC)<\/a><\/strong> &gt;<a href=\"https:\/\/valencia-international-airport.com\/transportation\/\"> Transporte<\/a>\u00a0 \u00a0&gt; \u00a0<span class=\"breadcrumb_last\" aria-current=\"page\"><strong>Metro<\/strong><\/span><\/p>\t\t\t\t\t\t\t\t<\/div>\n\t\t\t\t<\/div>\n\t\t\t\t<div class=\"elementor-element elementor-element-9a5997e elementor-widget elementor-widget-heading\" data-id=\"9a5997e\" data-element_type=\"widget\" data-e-type=\"widget\" data-widget_type=\"heading.default\">\n\t\t\t\t<div class=\"elementor-widget-container\">\n\t\t\t\t\t<h2 class=\"elementor-heading-title elementor-size-default\">\ud83d\ude87 El metro del aeropuerto de Valencia a la ciudad<\/h2>\t\t\t\t<\/div>\n\t\t\t\t<\/div>\n\t\t\t\t<div class=\"elementor-element elementor-element-53c71dc elementor-widget elementor-widget-text-editor\" data-id=\"53c71dc\" data-element_type=\"widget\" data-e-type=\"widget\" data-widget_type=\"text-editor.default\">\n\t\t\t\t<div class=\"elementor-widget-container\">\n\t\t\t\t\t\t\t\t\t<p class=\"\" data-start=\"172\" data-end=\"527\">Las l\u00edneas 3 (Roja) y 5 (Verde) de Metrovalencia conectan el aeropuerto de Valencia con los distritos m\u00e1s c\u00e9ntricos de la ciudad. Los trenes salen directamente de la estaci\u00f3n de metro del aeropuerto, situada en la planta baja de la terminal, y se dirigen a paradas importantes como X\u00e0tiva, Col\u00f3n y \u00c0ngel Guimer\u00e0, lo que los convierte en una opci\u00f3n de traslado econ\u00f3mica y eficiente.<\/p><p class=\"\" data-start=\"529\" data-end=\"923\">Disponible desde las 5.30 hasta las 23.30 horas, el metro es ideal para viajeros con poco equipaje. Sin embargo, hay que tener en cuenta que para llegar a determinados barrios puede ser necesario cambiar de l\u00ednea y que el espacio para equipajes en los trenes es limitado. Adem\u00e1s, algunas de las estaciones de metro m\u00e1s antiguas de la ciudad carecen de ascensores, lo que puede suponer un problema para los viajeros con movilidad reducida o equipaje pesado.<\/p>\t\t\t\t\t\t\t\t<\/div>\n\t\t\t\t<\/div>\n\t\t\t\t<div class=\"elementor-element elementor-element-c0e638c elementor-widget elementor-widget-image\" data-id=\"c0e638c\" data-element_type=\"widget\" data-e-type=\"widget\" data-widget_type=\"image.default\">\n\t\t\t\t<div class=\"elementor-widget-container\">\n\t\t\t\t\t\t\t\t\t\t\t\t\t\t\t<img fetchpriority=\"high\" decoding=\"async\" width=\"800\" height=\"534\" src=\"https:\/\/valencia-international-airport.com\/wp-content\/uploads\/2025\/04\/Valencia-Airport-Metro-1024x683.jpg\" class=\"attachment-large size-large wp-image-609\" alt=\"Metro Aeropuerto de Valencia\" srcset=\"https:\/\/valencia-international-airport.com\/wp-content\/uploads\/2025\/04\/Valencia-Airport-Metro-1024x683.jpg 1024w, https:\/\/valencia-international-airport.com\/wp-content\/uploads\/2025\/04\/Valencia-Airport-Metro-300x200.jpg 300w, https:\/\/valencia-international-airport.com\/wp-content\/uploads\/2025\/04\/Valencia-Airport-Metro-768x512.jpg 768w, https:\/\/valencia-international-airport.com\/wp-content\/uploads\/2025\/04\/Valencia-Airport-Metro-1536x1024.jpg 1536w, https:\/\/valencia-international-airport.com\/wp-content\/uploads\/2025\/04\/Valencia-Airport-Metro-2048x1365.jpg 2048w\" sizes=\"(max-width: 800px) 100vw, 800px\" \/>\t\t\t\t\t\t\t\t\t\t\t\t\t\t\t<\/div>\n\t\t\t\t<\/div>\n\t\t\t\t<div class=\"elementor-element elementor-element-9b81026 elementor-widget elementor-widget-heading\" data-id=\"9b81026\" data-element_type=\"widget\" data-e-type=\"widget\" data-widget_type=\"heading.default\">\n\t\t\t\t<div class=\"elementor-widget-container\">\n\t\t\t\t\t<h2 class=\"elementor-heading-title elementor-size-default\">Horario de las l\u00edneas 3 y 5 de metro desde el aeropuerto VLC<\/h2>\t\t\t\t<\/div>\n\t\t\t\t<\/div>\n\t\t\t\t<div class=\"elementor-element elementor-element-5f532f7 elementor-widget elementor-widget-text-editor\" data-id=\"5f532f7\" data-element_type=\"widget\" data-e-type=\"widget\" data-widget_type=\"text-editor.default\">\n\t\t\t\t<div class=\"elementor-widget-container\">\n\t\t\t\t\t\t\t\t\t<p class=\"\" data-start=\"163\" data-end=\"377\">Las l\u00edneas 3 y 5 de Metrovalencia dan servicio al aeropuerto de Valencia con salidas frecuentes, normalmente cada 15-20 minutos, dependiendo de la hora del d\u00eda. Las horas de funcionamiento var\u00edan ligeramente seg\u00fan la l\u00ednea, pero en general funcionan:<\/p><ul data-start=\"379\" data-end=\"534\"><li class=\"\" data-start=\"379\" data-end=\"431\"><p class=\"\" data-start=\"381\" data-end=\"431\">De lunes a viernes: De 5h30 a 23h30<\/p><\/li><li class=\"\" data-start=\"432\" data-end=\"477\"><p class=\"\" data-start=\"434\" data-end=\"477\">Los s\u00e1bados: De 5:00 h a 12:00 h<\/p><\/li><li class=\"\" data-start=\"478\" data-end=\"534\"><p class=\"\" data-start=\"480\" data-end=\"534\">Domingos y festivos: De 7:00 h a 23:00 h<\/p><\/li><\/ul><p class=\"\" data-start=\"536\" data-end=\"689\">Estos horarios garantizan un acceso fiable entre el aeropuerto y estaciones c\u00e9ntricas como \u00c0ngel Guimer\u00e0, X\u00e0tiva y Col\u00f3n durante la mayor parte del d\u00eda.<\/p><p class=\"\" data-start=\"691\" data-end=\"880\">Nuestro consejo:<br data-start=\"703\" data-end=\"706\" \/>Durante los d\u00edas festivos importantes, como Las Fallas o Nochebuena, los horarios pueden sufrir ajustes, por lo que es mejor consultar la web oficial de Metrovalencia para conocer los horarios actualizados.<\/p>\t\t\t\t\t\t\t\t<\/div>\n\t\t\t\t<\/div>\n\t\t\t\t<div class=\"elementor-element elementor-element-a390255 elementor-widget elementor-widget-html\" data-id=\"a390255\" data-element_type=\"widget\" data-e-type=\"widget\" data-widget_type=\"html.default\">\n\t\t\t\t<div class=\"elementor-widget-container\">\n\t\t\t\t\t<h3>\ud83d\udd50 Horario de funcionamiento de Metrovalencia desde el aeropuerto de Valencia<\/h3>\r\n\r\n<table border=\"1\" cellpadding=\"6\" cellspacing=\"0\">\r\n  <thead>\r\n    <tr>\r\n      <th>D\u00eda<\/th>\r\n      <th>Primer tren<\/th>\r\n      <th>\u00daltimo tren<\/th>\r\n      <th>Frecuencia<\/th>\r\n    <\/tr>\r\n  <\/thead>\r\n  <tbody>\r\n    <tr>\r\n      <td>De lunes a viernes<\/td>\r\n      <td>05:30 horas<\/td>\r\n      <td>23.30 h<\/td>\r\n      <td>Cada 15-20 minutos<\/td>\r\n    <\/tr>\r\n    <tr>\r\n      <td>S\u00e1bado<\/td>\r\n      <td>05:00 horas<\/td>\r\n      <td>12:00 h (medianoche)<\/td>\r\n      <td>Cada 15-20 minutos<\/td>\r\n    <\/tr>\r\n    <tr>\r\n      <td>Domingos y festivos<\/td>\r\n      <td>07:00 horas<\/td>\r\n      <td>23:00 h<\/td>\r\n      <td>Cada 20 minutos<\/td>\r\n    <\/tr>\r\n  <\/tbody>\r\n<\/table>\r\n\t\t\t\t<\/div>\n\t\t\t\t<\/div>\n\t\t\t\t<div class=\"elementor-element elementor-element-91d42cd elementor-widget elementor-widget-heading\" data-id=\"91d42cd\" data-element_type=\"widget\" data-e-type=\"widget\" data-widget_type=\"heading.default\">\n\t\t\t\t<div class=\"elementor-widget-container\">\n\t\t\t\t\t<h2 class=\"elementor-heading-title elementor-size-default\">\ud83d\ude89 \u00bfD\u00f3nde est\u00e1 la estaci\u00f3n de metro del aeropuerto de Valencia?<\/h2>\t\t\t\t<\/div>\n\t\t\t\t<\/div>\n\t\t\t\t<div class=\"elementor-element elementor-element-3ad0058 elementor-widget elementor-widget-text-editor\" data-id=\"3ad0058\" data-element_type=\"widget\" data-e-type=\"widget\" data-widget_type=\"text-editor.default\">\n\t\t\t\t<div class=\"elementor-widget-container\">\n\t\t\t\t\t\t\t\t\t<p class=\"\" data-start=\"943\" data-end=\"1085\">El aeropuerto de Valencia cuenta con una estaci\u00f3n de metro, situada directamente en el interior del edificio terminal, en la planta baja, cerca de la zona de Llegadas.<\/p><ul data-start=\"1087\" data-end=\"1393\"><li class=\"\" data-start=\"1087\" data-end=\"1191\"><p class=\"\" data-start=\"1089\" data-end=\"1191\">No es necesario hacer transbordo entre terminales, ya que el aeropuerto opera desde una \u00fanica terminal.<\/p><\/li><li class=\"\" data-start=\"1192\" data-end=\"1265\"><p class=\"\" data-start=\"1194\" data-end=\"1265\">Una clara se\u00f1alizaci\u00f3n en el interior de la terminal le guiar\u00e1 hasta la boca de metro.<\/p><\/li><li class=\"\" data-start=\"1266\" data-end=\"1393\"><p class=\"\" data-start=\"1268\" data-end=\"1393\">La estaci\u00f3n da servicio tanto a la L\u00ednea 3 (Roja) como a la L\u00ednea 5 (Verde), ofreciendo un acceso flexible a diferentes partes de la ciudad.<\/p><\/li><\/ul><p class=\"\" data-start=\"1395\" data-end=\"1559\">Llegar al centro de la ciudad en metro desde el aeropuerto de Valencia es sencillo, r\u00e1pido y econ\u00f3mico, lo que lo convierte en una opci\u00f3n ideal para los viajeros con poco equipaje.<\/p>\t\t\t\t\t\t\t\t<\/div>\n\t\t\t\t<\/div>\n\t\t\t\t<div class=\"elementor-element elementor-element-1c973e2 elementor-widget elementor-widget-heading\" data-id=\"1c973e2\" data-element_type=\"widget\" data-e-type=\"widget\" data-widget_type=\"heading.default\">\n\t\t\t\t<div class=\"elementor-widget-container\">\n\t\t\t\t\t<h2 class=\"elementor-heading-title elementor-size-default\">Billetes de Metro desde el Aeropuerto de Valecnia <\/h2>\t\t\t\t<\/div>\n\t\t\t\t<\/div>\n\t\t\t\t<div class=\"elementor-element elementor-element-e3504dd elementor-widget elementor-widget-text-editor\" data-id=\"e3504dd\" data-element_type=\"widget\" data-e-type=\"widget\" data-widget_type=\"text-editor.default\">\n\t\t\t\t<div class=\"elementor-widget-container\">\n\t\t\t\t\t\t\t\t\t<p class=\"\" data-start=\"113\" data-end=\"386\">Si piensa utilizar el metro del aeropuerto de Valencia, lo primero que debe hacer es adquirir una tarjeta SUMA o Multi-Card. Estas tarjetas cuestan 1\u20ac (1$) y funcionan como un monedero digital recargable, que te permite cargar billetes sencillos o abonos de viaje y recargarlos cuando los necesites.<\/p><p class=\"\" data-start=\"388\" data-end=\"681\">Un billete de metro normal desde el aeropuerto hasta el centro de Valencia (Zona AB) suele costar 3,90 euros (3,90$). Este precio incluye tanto la tarifa base como el suplemento de aeropuerto. Si tiene previsto viajar m\u00e1s all\u00e1 de la zona AB, la tarifa puede aumentar ligeramente en funci\u00f3n del n\u00famero de zonas cubiertas.<\/p><p class=\"\" data-start=\"683\" data-end=\"889\">El billete es v\u00e1lido hasta el final del servicio del d\u00eda (no s\u00f3lo hasta medianoche), y puede utilizarse para transbordos entre l\u00edneas de metro, tranv\u00eda y autob\u00fas, siempre que est\u00e9n incluidas en la zona elegida.<\/p><p class=\"\" data-start=\"891\" data-end=\"1069\">Los billetes pueden adquirirse en las m\u00e1quinas autom\u00e1ticas situadas en el interior de la estaci\u00f3n de metro Aeropuerto de Valencia, y tambi\u00e9n est\u00e1n disponibles en las principales paradas de metro de la ciudad.<\/p><p class=\"\" data-start=\"1071\" data-end=\"1091\">Notas importantes:<\/p><ul data-start=\"1092\" data-end=\"1347\"><li class=\"\" data-start=\"1092\" data-end=\"1204\"><p class=\"\" data-start=\"1094\" data-end=\"1204\">Si vas a quedarte m\u00e1s tiempo, considera la posibilidad de comprar una tarjeta SUMA de 10 viajes (a partir de 8-10\u20ac seg\u00fan las zonas).<\/p><\/li><li class=\"\" data-start=\"1205\" data-end=\"1347\"><p class=\"\" data-start=\"1207\" data-end=\"1347\">La Tarjeta Tur\u00edstica de Valencia tambi\u00e9n incluye el uso ilimitado del metro (incluidos los traslados al aeropuerto) y puede adquirirse en el aeropuerto o por Internet.<\/p><\/li><\/ul>\t\t\t\t\t\t\t\t<\/div>\n\t\t\t\t<\/div>\n\t\t\t\t<div class=\"elementor-element elementor-element-8257d7c elementor-widget elementor-widget-html\" data-id=\"8257d7c\" data-element_type=\"widget\" data-e-type=\"widget\" data-widget_type=\"html.default\">\n\t\t\t\t<div class=\"elementor-widget-container\">\n\t\t\t\t\t<h3>\ud83c\udfab Precios de los billetes de metro del aeropuerto de Valencia<\/h3>\r\n\r\n<table border=\"1\" cellpadding=\"6\" cellspacing=\"0\">\r\n  <thead>\r\n    <tr>\r\n      <th>Tipo de billete<\/th>\r\n      <th>Incluye<\/th>\r\n      <th>Precio<\/th>\r\n      <th>Precio ($)<\/th>\r\n      <th>Notas<\/th>\r\n    <\/tr>\r\n  <\/thead>\r\n  <tbody>\r\n    <tr>\r\n      <td>Billete sencillo (Zona AB)<\/td>\r\n      <td>Un viaje en metro (hasta el centro de Valencia)<\/td>\r\n      <td>3.90\u20ac<\/td>\r\n      <td>3.90$<\/td>\r\n      <td>V\u00e1lido hasta el final del servicio de metro<\/td>\r\n    <\/tr>\r\n    <tr>\r\n      <td>Tarjeta SUMA 10 (Zona AB)<\/td>\r\n      <td>10 viajes en metro, tranv\u00eda o autob\u00fas<\/td>\r\n      <td>8.00\u20ac<\/td>\r\n      <td>8.00$<\/td>\r\n      <td>Lo mejor para un uso frecuente<\/td>\r\n    <\/tr>\r\n    <tr>\r\n      <td>Tarjeta m\u00faltiple<\/td>\r\n      <td>Tarjeta de transporte recargable<\/td>\r\n      <td>1.00\u20ac<\/td>\r\n      <td>1.00$<\/td>\r\n      <td>Necesario para cargar billetes<\/td>\r\n    <\/tr>\r\n    <tr>\r\n      <td>Tarjeta Tur\u00edstica de Valencia<\/td>\r\n      <td>Transporte ilimitado + descuentos<\/td>\r\n      <td>15.00\u20ac-25.00\u20ac<\/td>\r\n      <td>15.00$\u201325.00$<\/td>\r\n      <td>Incluye traslado al aeropuerto<\/td>\r\n    <\/tr>\r\n  <\/tbody>\r\n<\/table>\r\n\t\t\t\t<\/div>\n\t\t\t\t<\/div>\n\t\t\t\t<div class=\"elementor-element elementor-element-2b22d9c elementor-widget elementor-widget-heading\" data-id=\"2b22d9c\" data-element_type=\"widget\" data-e-type=\"widget\" data-widget_type=\"heading.default\">\n\t\t\t\t<div class=\"elementor-widget-container\">\n\t\t\t\t\t<h2 class=\"elementor-heading-title elementor-size-default\">\u00bfA qu\u00e9 estaci\u00f3n de metro de Valnecia debe dirigirse?<\/h2>\t\t\t\t<\/div>\n\t\t\t\t<\/div>\n\t\t\t\t<div class=\"elementor-element elementor-element-50738bc elementor-widget elementor-widget-text-editor\" data-id=\"50738bc\" data-element_type=\"widget\" data-e-type=\"widget\" data-widget_type=\"text-editor.default\">\n\t\t\t\t<div class=\"elementor-widget-container\">\n\t\t\t\t\t\t\t\t\t<p class=\"\" data-start=\"132\" data-end=\"522\">Si se considera que el centro de Valencia incluye zonas como X\u00e0tiva, Col\u00f3n, \u00c0ngel Guimer\u00e0 y Pla\u00e7a de l'Ajuntament, es importante tener en cuenta que las l\u00edneas de metro del Aeropuerto de Valencia (L\u00edneas 3 y 5) no paran directamente en esos puntos. Sin embargo, los pasajeros pueden realizar f\u00e1cilmente transbordos entre l\u00edneas de metro para llegar al centro de la ciudad r\u00e1pidamente y sin mayores inconvenientes.<\/p><p class=\"\" data-start=\"524\" data-end=\"842\">Por ejemplo, si se dirige al centro hist\u00f3rico o a los distritos comerciales, puede bajar de las l\u00edneas 3 \u00f3 5 en la estaci\u00f3n \u00c0ngel Guimer\u00e0, donde encontrar\u00e1 conexiones con las l\u00edneas 1 (amarilla) y 2 (naranja), que dan servicio a otras zonas c\u00e9ntricas y residenciales como Extramurs y Campanar.<\/p><p class=\"\" data-start=\"844\" data-end=\"1083\">Alternativamente, si se baja en la estaci\u00f3n de X\u00e0tiva, se encontrar\u00e1 justo enfrente de la Estaci\u00f3 del Nord, la principal estaci\u00f3n de tren de Valencia, a un corto paseo de muchas atracciones c\u00e9ntricas como la Plaza del Ayuntamiento y la Catedral.<\/p><p class=\"\" data-start=\"1085\" data-end=\"1331\">As\u00ed que, aunque no sea posible un servicio directo a todas las zonas c\u00e9ntricas desde el aeropuerto, la red de metro est\u00e1 bien conectada y el transbordo entre l\u00edneas es r\u00e1pido y eficaz, lo que hace que viajar en metro desde el aeropuerto de Valencia sea una opci\u00f3n muy pr\u00e1ctica.<\/p>\t\t\t\t\t\t\t\t<\/div>\n\t\t\t\t<\/div>\n\t\t\t\t<div class=\"elementor-element elementor-element-a9429c6 elementor-widget elementor-widget-heading\" data-id=\"a9429c6\" data-element_type=\"widget\" data-e-type=\"widget\" data-widget_type=\"heading.default\">\n\t\t\t\t<div class=\"elementor-widget-container\">\n\t\t\t\t\t<h2 class=\"elementor-heading-title elementor-size-default\">PREGUNTAS FRECUENTES <\/h2>\t\t\t\t<\/div>\n\t\t\t\t<\/div>\n\t\t\t\t<div class=\"elementor-element elementor-element-c754e31 elementor-widget elementor-widget-heading\" data-id=\"c754e31\" data-element_type=\"widget\" data-e-type=\"widget\" data-widget_type=\"heading.default\">\n\t\t\t\t<div class=\"elementor-widget-container\">\n\t\t\t\t\t<h3 class=\"elementor-heading-title elementor-size-default\">\u00bfEl metro de Valencia va al aeropuerto?\n<\/h3>\t\t\t\t<\/div>\n\t\t\t\t<\/div>\n\t\t\t\t<div class=\"elementor-element elementor-element-5027b02 elementor-widget elementor-widget-text-editor\" data-id=\"5027b02\" data-element_type=\"widget\" data-e-type=\"widget\" data-widget_type=\"text-editor.default\">\n\t\t\t\t<div class=\"elementor-widget-container\">\n\t\t\t\t\t\t\t\t\t<p>El aeropuerto de Valencia est\u00e1 conectado directamente con la red de metro de Valencia, lo que proporciona un enlace r\u00e1pido y c\u00f3modo con la ciudad. La estaci\u00f3n de metro del aeropuerto se encuentra dentro de la terminal principal, en la planta baja, cerca de la zona de Llegadas. Desde all\u00ed, los pasajeros pueden embarcar en la L\u00ednea 3 (Roja) o en la L\u00ednea 5 (Verde) de Metrovalencia para llegar sin problemas al centro de la ciudad y a los distritos colindantes.<\/p>\t\t\t\t\t\t\t\t<\/div>\n\t\t\t\t<\/div>\n\t\t\t\t<div class=\"elementor-element elementor-element-235dc49 elementor-widget elementor-widget-heading\" data-id=\"235dc49\" data-element_type=\"widget\" data-e-type=\"widget\" data-widget_type=\"heading.default\">\n\t\t\t\t<div class=\"elementor-widget-container\">\n\t\t\t\t\t<h3 class=\"elementor-heading-title elementor-size-default\">\u00bfCu\u00e1nto cuesta el metro desde el aeropuerto de Valencia hasta el centro de la ciudad?\n<\/h3>\t\t\t\t<\/div>\n\t\t\t\t<\/div>\n\t\t\t\t<div class=\"elementor-element elementor-element-d9d1d5b elementor-widget elementor-widget-text-editor\" data-id=\"d9d1d5b\" data-element_type=\"widget\" data-e-type=\"widget\" data-widget_type=\"text-editor.default\">\n\t\t\t\t<div class=\"elementor-widget-container\">\n\t\t\t\t\t\t\t\t\t<p class=\"\" data-start=\"110\" data-end=\"463\">Un billete de metro de ida desde el aeropuerto de Valencia hasta el centro de la ciudad (Zona AB) cuesta aproximadamente 3,90\u20ac \/ 3,90$. Sin embargo, si piensas utilizar el transporte p\u00fablico con frecuencia durante tu estancia, te recomendamos que adquieras la Valencia Tourist Card, que incluye viajes ilimitados en metro, autob\u00fas y tranv\u00eda, incluido el traslado desde el aeropuerto.<\/p><p class=\"\" data-start=\"465\" data-end=\"680\">Para estancias m\u00e1s largas, la soluci\u00f3n m\u00e1s rentable es la tarjeta SUMA 10, un abono de 10 viajes que puede utilizarse en todas las l\u00edneas de metro, autob\u00fas y tranv\u00eda de las zonas seleccionadas, ofreciendo flexibilidad y ahorro.<\/p>\t\t\t\t\t\t\t\t<\/div>\n\t\t\t\t<\/div>\n\t\t\t\t<div class=\"elementor-element elementor-element-f0403bd elementor-widget elementor-widget-heading\" data-id=\"f0403bd\" data-element_type=\"widget\" data-e-type=\"widget\" data-widget_type=\"heading.default\">\n\t\t\t\t<div class=\"elementor-widget-container\">\n\t\t\t\t\t<h3 class=\"elementor-heading-title elementor-size-default\">\u00bfTiene estaci\u00f3n de metro el aeropuerto de Valencia?\n<\/h3>\t\t\t\t<\/div>\n\t\t\t\t<\/div>\n\t\t\t\t<div class=\"elementor-element elementor-element-ca488bb elementor-widget elementor-widget-text-editor\" data-id=\"ca488bb\" data-element_type=\"widget\" data-e-type=\"widget\" data-widget_type=\"text-editor.default\">\n\t\t\t\t<div class=\"elementor-widget-container\">\n\t\t\t\t\t\t\t\t\t<p class=\"\" data-start=\"106\" data-end=\"355\">VLC Airport cuenta con una estaci\u00f3n de metro, convenientemente situada dentro del edificio de la terminal principal. La entrada a la estaci\u00f3n de metro del aeropuerto est\u00e1 situada en la planta baja, cerca de la zona de llegadas, lo que facilita el acceso al aterrizar.<\/p><p class=\"\" data-start=\"357\" data-end=\"560\">Desde esta estaci\u00f3n, los viajeros pueden coger la l\u00ednea 3 (roja) o la l\u00ednea 5 (verde) de Metrovalencia, que ofrecen conexiones directas y fiables con el centro de Valencia y los barrios de los alrededores.<\/p>\t\t\t\t\t\t\t\t<\/div>\n\t\t\t\t<\/div>\n\t\t\t\t\t<\/div>\n\t\t<\/div>\n\t\t\t\t<div class=\"elementor-column elementor-col-50 elementor-top-column elementor-element elementor-element-4b56e3a9\" data-id=\"4b56e3a9\" data-element_type=\"column\" data-e-type=\"column\" data-settings=\"{&quot;background_background&quot;:&quot;classic&quot;}\">\n\t\t\t<div class=\"elementor-widget-wrap elementor-element-populated\">\n\t\t\t\t\t\t<div class=\"elementor-element elementor-element-f86e8d9 elementor-widget elementor-widget-menu-anchor\" data-id=\"f86e8d9\" data-element_type=\"widget\" data-e-type=\"widget\" data-widget_type=\"menu-anchor.default\">\n\t\t\t\t<div class=\"elementor-widget-container\">\n\t\t\t\t\t\t\t<div class=\"elementor-menu-anchor\" id=\"Book\"><\/div>\n\t\t\t\t\t\t<\/div>\n\t\t\t\t<\/div>\n\t\t\t\t<div class=\"elementor-element elementor-element-6e663d4 elementor-widget elementor-widget-html\" data-id=\"6e663d4\" data-element_type=\"widget\" data-e-type=\"widget\" data-widget_type=\"html.default\">\n\t\t\t\t<div class=\"elementor-widget-container\">\n\t\t\t\t\t<div id=\"welcomepickups\">\r\n\r\n<script type=\"text\/props\">\r\n\r\n{\r\n\r\n\"city_name\":\"valencia\",\r\n\r\n\"partner_id\":\"63468\",\r\n\r\n\"locale\":\"en\",\r\n\r\n\"\":\"\"\r\n\r\n}\r\n\r\n\r\n<\/script>\r\n\r\n<\/div>\r\n\r\n<script src=\" https:\/\/cdn.b2b.welcomepickups.com\/widget\/bundle.js\"><\/script>\t\t\t\t<\/div>\n\t\t\t\t<\/div>\n\t\t\t\t\t<\/div>\n\t\t<\/div>\n\t\t\t\t\t<\/div>\n\t\t<\/section>\n\t\t\t\t<\/div>","protected":false},"excerpt":{"rendered":"<p>Valencia Airport Metro Cheap and Efficient Shuttle Services from VLC Airport Book Your Transfers in Advance Valencia International Airport (VLC) &gt; Transportation\u00a0 \u00a0&gt; \u00a0Subway \ud83d\ude87 The Metro from Valencia Airport to the City Metrovalencia Lines 3 (Red) and 5 (Green) connect Valencia Airport to the city\u2019s central districts. Trains depart directly from the airport metro [&hellip;]<\/p>\n","protected":false},"author":1,"featured_media":0,"parent":113,"menu_order":0,"comment_status":"closed","ping_status":"closed","template":"","meta":{"footnotes":""},"class_list":["post-606","page","type-page","status-publish","hentry"],"_links":{"self":[{"href":"https:\/\/valencia-international-airport.com\/es\/wp-json\/wp\/v2\/pages\/606","targetHints":{"allow":["GET"]}}],"collection":[{"href":"https:\/\/valencia-international-airport.com\/es\/wp-json\/wp\/v2\/pages"}],"about":[{"href":"https:\/\/valencia-international-airport.com\/es\/wp-json\/wp\/v2\/types\/page"}],"author":[{"embeddable":true,"href":"https:\/\/valencia-international-airport.com\/es\/wp-json\/wp\/v2\/users\/1"}],"replies":[{"embeddable":true,"href":"https:\/\/valencia-international-airport.com\/es\/wp-json\/wp\/v2\/comments?post=606"}],"version-history":[{"count":7,"href":"https:\/\/valencia-international-airport.com\/es\/wp-json\/wp\/v2\/pages\/606\/revisions"}],"predecessor-version":[{"id":732,"href":"https:\/\/valencia-international-airport.com\/es\/wp-json\/wp\/v2\/pages\/606\/revisions\/732"}],"up":[{"embeddable":true,"href":"https:\/\/valencia-international-airport.com\/es\/wp-json\/wp\/v2\/pages\/113"}],"wp:attachment":[{"href":"https:\/\/valencia-international-airport.com\/es\/wp-json\/wp\/v2\/media?parent=606"}],"curies":[{"name":"wp","href":"https:\/\/api.w.org\/{rel}","templated":true}]}}