{"id":36,"date":"2024-09-14T14:06:17","date_gmt":"2024-09-14T14:06:17","guid":{"rendered":"https:\/\/valencia-international-airport.com\/?page_id=36"},"modified":"2026-04-02T21:37:43","modified_gmt":"2026-04-02T21:37:43","slug":"accueil","status":"publish","type":"page","link":"https:\/\/valencia-international-airport.com\/fr\/","title":{"rendered":"A\u00e9roport de Valence"},"content":{"rendered":"<div data-elementor-type=\"wp-page\" data-elementor-id=\"36\" class=\"elementor elementor-36\" data-elementor-post-type=\"page\">\n\t\t\t\t\t\t<section class=\"elementor-section elementor-top-section elementor-element elementor-element-510e8e76 elementor-section-height-min-height elementor-section-boxed elementor-section-height-default elementor-section-items-middle\" data-id=\"510e8e76\" data-element_type=\"section\" data-e-type=\"section\" data-settings=\"{&quot;background_background&quot;:&quot;classic&quot;}\">\n\t\t\t\t\t\t\t<div class=\"elementor-background-overlay\"><\/div>\n\t\t\t\t\t\t\t<div class=\"elementor-container elementor-column-gap-default\">\n\t\t\t\t\t<div class=\"elementor-column elementor-col-100 elementor-top-column elementor-element elementor-element-5a7b11a3\" data-id=\"5a7b11a3\" data-element_type=\"column\" data-e-type=\"column\" data-settings=\"{&quot;background_background&quot;:&quot;classic&quot;}\">\n\t\t\t<div class=\"elementor-widget-wrap elementor-element-populated\">\n\t\t\t\t\t\t<div class=\"elementor-element elementor-element-412e04cd elementor-widget elementor-widget-heading\" data-id=\"412e04cd\" data-element_type=\"widget\" data-e-type=\"widget\" data-widget_type=\"heading.default\">\n\t\t\t\t<div class=\"elementor-widget-container\">\n\t\t\t\t\t<h1 class=\"elementor-heading-title elementor-size-default\">A\u00e9roport de Valence (VLC)<\/h1>\t\t\t\t<\/div>\n\t\t\t\t<\/div>\n\t\t\t\t<div class=\"elementor-element elementor-element-f8fbdaf elementor-widget elementor-widget-text-editor\" data-id=\"f8fbdaf\" data-element_type=\"widget\" data-e-type=\"widget\" data-widget_type=\"text-editor.default\">\n\t\t\t\t<div class=\"elementor-widget-container\">\n\t\t\t\t\t\t\t\t\t<p>Une porte d'entr\u00e9e cl\u00e9 pour l'Espagne et un centre important pour les voyages r\u00e9gionaux et internationaux<\/p>\t\t\t\t\t\t\t\t<\/div>\n\t\t\t\t<\/div>\n\t\t\t\t\t<\/div>\n\t\t<\/div>\n\t\t\t\t\t<\/div>\n\t\t<\/section>\n\t\t\t\t<section class=\"elementor-section elementor-top-section elementor-element elementor-element-60302ab2 elementor-section-content-middle elementor-section-boxed elementor-section-height-default elementor-section-height-default\" data-id=\"60302ab2\" data-element_type=\"section\" data-e-type=\"section\">\n\t\t\t\t\t\t<div class=\"elementor-container elementor-column-gap-default\">\n\t\t\t\t\t<div class=\"elementor-column elementor-col-50 elementor-top-column elementor-element elementor-element-548613b\" data-id=\"548613b\" data-element_type=\"column\" data-e-type=\"column\">\n\t\t\t<div class=\"elementor-widget-wrap elementor-element-populated\">\n\t\t\t\t\t\t<div class=\"elementor-element elementor-element-62647bd8 elementor-widget elementor-widget-heading\" data-id=\"62647bd8\" data-element_type=\"widget\" data-e-type=\"widget\" data-widget_type=\"heading.default\">\n\t\t\t\t<div class=\"elementor-widget-container\">\n\t\t\t\t\t<h2 class=\"elementor-heading-title elementor-size-default\">A\u00e9roport de Valence : Une porte d'entr\u00e9e pratique vers la c\u00f4te m\u00e9diterran\u00e9enne de l'Espagne\n<\/h2>\t\t\t\t<\/div>\n\t\t\t\t<\/div>\n\t\t\t\t<div class=\"elementor-element elementor-element-6d9b606 elementor-widget elementor-widget-text-editor\" data-id=\"6d9b606\" data-element_type=\"widget\" data-e-type=\"widget\" data-widget_type=\"text-editor.default\">\n\t\t\t\t<div class=\"elementor-widget-container\">\n\t\t\t\t\t\t\t\t\t<p class=\"\" data-start=\"78\" data-end=\"569\">L'a\u00e9roport de Valence, officiellement connu sous le nom d'Aeropuerto de Valencia (VLC) ou d'a\u00e9roport de Manises, est la principale porte d'entr\u00e9e internationale desservant la ville de Valence et ses communaut\u00e9s environnantes. Id\u00e9alement situ\u00e9 \u00e0 seulement 8 kilom\u00e8tres (environ 5 miles) \u00e0 l'ouest du centre historique de Valence, l'a\u00e9roport est un centre de transport cl\u00e9 au sein de la dynamique Communaut\u00e9 valencienne d'Espagne. Il se classe actuellement parmi les a\u00e9roports les plus fr\u00e9quent\u00e9s d'Espagne, ce qui t\u00e9moigne de la croissance constante du nombre de passagers et des activit\u00e9s commerciales.<\/p><p class=\"\" data-start=\"571\" data-end=\"943\">L'a\u00e9roport est souvent appel\u00e9 simplement Valencia ou Manises Airport. Ce dernier nom est d\u00e9riv\u00e9 de Manises, la municipalit\u00e9 o\u00f9 l'a\u00e9roport est situ\u00e9. \u00c9tabli en tant qu'infrastructure critique pour la connectivit\u00e9 r\u00e9gionale, l'a\u00e9roport de Valence continue de jouer un r\u00f4le essentiel en facilitant le tourisme, le commerce et les voyages internationaux vers et depuis l'est de l'Espagne.<\/p><p class=\"\" data-start=\"945\" data-end=\"1621\">Aujourd'hui, l'a\u00e9roport de Valence accueille plus de 10 millions de passagers par an, un chiffre en constante augmentation depuis la reprise post-pand\u00e9mique (8,53 millions de passagers en 2022, avec une hausse significative jusqu'\u00e0 environ 10,8 millions de passagers en 2024). Il accueille diverses compagnies a\u00e9riennes, notamment des transporteurs de premier plan comme Iberia Regional (Air Nostrum), Ryanair, Vueling, Lufthansa, KLM et Air France. Dot\u00e9 d'une infrastructure moderne, l'a\u00e9roport se compose d'un terminal principal pour les passagers et d'une seule piste, g\u00e9rant efficacement les vols nationaux et internationaux. L'a\u00e9roport de Valence dessert principalement des routes \u00e0 travers l'Europe et d\u00e9veloppe r\u00e9guli\u00e8rement des connexions vers de nouvelles destinations internationales.<\/p><p class=\"\" data-start=\"1623\" data-end=\"2175\">En tant que lien de transport essentiel, l'a\u00e9roport de Valence offre des services et des installations complets. Les voyageurs b\u00e9n\u00e9ficient de nombreuses options de restauration, de boutiques, d'\u00e9quipements d'affaires et de salons confortables. En termes de transport, l'a\u00e9roport est parfaitement reli\u00e9 \u00e0 la ville et \u00e0 la r\u00e9gion gr\u00e2ce \u00e0 de nombreuses options pratiques, y compris les lignes de m\u00e9tro (Metrovalencia lignes 3 et 5), les services de bus r\u00e9guliers, les taxis disponibles directement \u00e0 l'ext\u00e9rieur du terminal, et les soci\u00e9t\u00e9s de location de voitures qui offrent une certaine flexibilit\u00e9 aux visiteurs souhaitant explorer la r\u00e9gion de mani\u00e8re ind\u00e9pendante.<\/p>\t\t\t\t\t\t\t\t<\/div>\n\t\t\t\t<\/div>\n\t\t\t\t<div class=\"elementor-element elementor-element-8548036 elementor-widget elementor-widget-heading\" data-id=\"8548036\" data-element_type=\"widget\" data-e-type=\"widget\" data-widget_type=\"heading.default\">\n\t\t\t\t<div class=\"elementor-widget-container\">\n\t\t\t\t\t<h2 class=\"elementor-heading-title elementor-size-default\">Am\u00e9nagement de l'a\u00e9roport de Valence<\/h2>\t\t\t\t<\/div>\n\t\t\t\t<\/div>\n\t\t\t\t<div class=\"elementor-element elementor-element-3df6fe4 elementor-widget elementor-widget-text-editor\" data-id=\"3df6fe4\" data-element_type=\"widget\" data-e-type=\"widget\" data-widget_type=\"text-editor.default\">\n\t\t\t\t<div class=\"elementor-widget-container\">\n\t\t\t\t\t\t\t\t\t<p class=\"\" data-start=\"203\" data-end=\"614\">L'a\u00e9roport de Valence (VLC) dispose d'une <a href=\"https:\/\/valencia-international-airport.com\/guide\/terminaux\/\">terminal unique<\/a>, L'a\u00e9roport de Valence a \u00e9t\u00e9 con\u00e7u pour accueillir les vols nationaux et internationaux dans un espace compact et facile \u00e0 naviguer. Contrairement aux a\u00e9roports plus importants dot\u00e9s de plusieurs terminaux distincts, les passagers de l'a\u00e9roport de Valence b\u00e9n\u00e9ficient de la simplicit\u00e9 d'acc\u00e8s \u00e0 tous les vols et \u00e0 toutes les installations \u00e0 partir d'un seul b\u00e2timent, sans qu'il soit n\u00e9cessaire d'effectuer des transferts par navette.<\/p><p class=\"\" data-start=\"616\" data-end=\"990\">Le terminal de l'a\u00e9roport a fait l'objet d'une modernisation importante ces derni\u00e8res ann\u00e9es, ce qui a permis d'am\u00e9liorer sa capacit\u00e9 et l'exp\u00e9rience des voyageurs. Aujourd'hui, le terminal g\u00e8re efficacement les vols de l'espace Schengen et les vols internationaux gr\u00e2ce \u00e0 des zones clairement identifi\u00e9es et con\u00e7ues pour optimiser le flux de passagers. \u00c0 l'int\u00e9rieur, les voyageurs trouveront un \u00e9ventail de boutiques, de restaurants, de caf\u00e9s et d'autres services aux passagers.<\/p><p class=\"\" data-start=\"992\" data-end=\"1217\">Gr\u00e2ce \u00e0 sa conception simple et \u00e0 son terminal unique, l'a\u00e9roport de Valence simplifie les mouvements des passagers en offrant des correspondances rapides, un enregistrement simple et des processus d'embarquement fluides, le tout au sein d'une installation centralis\u00e9e.<\/p>\t\t\t\t\t\t\t\t<\/div>\n\t\t\t\t<\/div>\n\t\t\t\t\t<\/div>\n\t\t<\/div>\n\t\t\t\t<div class=\"elementor-column elementor-col-50 elementor-top-column elementor-element elementor-element-f903dc0\" data-id=\"f903dc0\" data-element_type=\"column\" data-e-type=\"column\" data-settings=\"{&quot;background_background&quot;:&quot;classic&quot;}\">\n\t\t\t<div class=\"elementor-widget-wrap elementor-element-populated\">\n\t\t\t\t\t\t<div class=\"elementor-element elementor-element-2ba16e3 elementor-widget elementor-widget-text-editor\" data-id=\"2ba16e3\" data-element_type=\"widget\" data-e-type=\"widget\" data-widget_type=\"text-editor.default\">\n\t\t\t\t<div class=\"elementor-widget-container\">\n\t\t\t\t\t\t\t\t\t<p>Nom de l'a\u00e9roport : <strong>A\u00e9roport de Valence (Aeropuerto de Valencia - Manises)<\/strong><\/p><p>Code IATA : <strong>VLC<\/strong><\/p><p>OACI : <strong>LEVC<\/strong><\/p><p>Localisation : <strong>Valence, Espagne<\/strong><\/p><p>Fuseau horaire : <strong>Heure d'Europe centrale (GMT+1)<\/strong><\/p><p>Carte de l'a\u00e9roport : <strong>A\u00e9roport de Valence sur <a href=\"https:\/\/www.google.com\/maps\/place\/A%C3%A9roport+de+Valence\/@39.4880129,-0.4809144,17z\/data=!3m1!4b1!4m6!3m5!1s0xd605a9f60cc5a67:0x4cc2b7ffaab10182!8m2!3d39.4880129!4d-0.4809144!16zL20vMDlxODBn?entry=ttu&amp;g_ep=EgoyMDI1MDMyNC4wIKXMDSoASAFQAw%3D%3D\" target=\"_blank\" rel=\"nofollow noopener\">Google Maps<\/a><\/strong><\/p>\t\t\t\t\t\t\t\t<\/div>\n\t\t\t\t<\/div>\n\t\t\t\t<div class=\"elementor-element elementor-element-02360bd elementor-widget elementor-widget-html\" data-id=\"02360bd\" data-element_type=\"widget\" data-e-type=\"widget\" data-widget_type=\"html.default\">\n\t\t\t\t<div class=\"elementor-widget-container\">\n\t\t\t\t\t<div id=\"welcomepickups\">\r\n\r\n<script type=\"text\/props\">\r\n\r\n{\r\n\r\n\"city_name\":\"Valencia\",\r\n\r\n\"partner_id\":\"63468\",\r\n\r\n\"locale\":\"en\",\r\n\r\n\"\":\"\"\r\n\r\n}\r\n\r\n\r\n<\/script>\r\n\r\n<\/div>\r\n\r\n<script src=\" https:\/\/cdn.b2b.welcomepickups.com\/widget\/bundle.js\"><\/script>\t\t\t\t<\/div>\n\t\t\t\t<\/div>\n\t\t\t\t\t<\/div>\n\t\t<\/div>\n\t\t\t\t\t<\/div>\n\t\t<\/section>\n\t\t\t\t<section class=\"elementor-section elementor-top-section elementor-element elementor-element-30262c3e elementor-section-boxed elementor-section-height-default elementor-section-height-default\" data-id=\"30262c3e\" data-element_type=\"section\" data-e-type=\"section\">\n\t\t\t\t\t\t<div class=\"elementor-container elementor-column-gap-default\">\n\t\t\t\t\t<div class=\"elementor-column elementor-col-100 elementor-top-column elementor-element elementor-element-7f74f6c5\" data-id=\"7f74f6c5\" data-element_type=\"column\" data-e-type=\"column\">\n\t\t\t<div class=\"elementor-widget-wrap elementor-element-populated\">\n\t\t\t\t\t\t<section class=\"elementor-section elementor-inner-section elementor-element elementor-element-1aad680c elementor-section-boxed elementor-section-height-default elementor-section-height-default\" data-id=\"1aad680c\" data-element_type=\"section\" data-e-type=\"section\">\n\t\t\t\t\t\t<div class=\"elementor-container elementor-column-gap-default\">\n\t\t\t\t\t<div class=\"elementor-column elementor-col-33 elementor-inner-column elementor-element elementor-element-537c7042\" data-id=\"537c7042\" data-element_type=\"column\" data-e-type=\"column\">\n\t\t\t<div class=\"elementor-widget-wrap elementor-element-populated\">\n\t\t\t\t\t\t<div class=\"elementor-element elementor-element-4fe4ebb elementor-widget elementor-widget-heading\" data-id=\"4fe4ebb\" data-element_type=\"widget\" data-e-type=\"widget\" data-widget_type=\"heading.default\">\n\t\t\t\t<div class=\"elementor-widget-container\">\n\t\t\t\t\t<h2 class=\"elementor-heading-title elementor-size-default\">VLC Airlines<\/h2>\t\t\t\t<\/div>\n\t\t\t\t<\/div>\n\t\t\t\t<div class=\"elementor-element elementor-element-7151680 elementor-widget elementor-widget-text-editor\" data-id=\"7151680\" data-element_type=\"widget\" data-e-type=\"widget\" data-widget_type=\"text-editor.default\">\n\t\t\t\t<div class=\"elementor-widget-container\">\n\t\t\t\t\t\t\t\t\t<p class=\"\" data-start=\"172\" data-end=\"591\">L'a\u00e9roport de Valence (VLC) accueille une s\u00e9lection vari\u00e9e de compagnies a\u00e9riennes. <a href=\"https:\/\/valencia-international-airport.com\/flights\/airlines\/\">compagnies a\u00e9riennes<\/a>, La ville est un point d'acc\u00e8s important pour les voyageurs nationaux et internationaux. De nombreux transporteurs espagnols, ainsi que d'importantes compagnies a\u00e9riennes internationales, proposent des vols r\u00e9guliers au d\u00e9part et \u00e0 destination de cette importante porte d'entr\u00e9e r\u00e9gionale. Les compagnies a\u00e9riennes traditionnelles \u00e0 service complet et les compagnies populaires \u00e0 bas prix proposent des services fr\u00e9quents, ce qui permet aux voyageurs de disposer d'un grand nombre d'options en termes de commodit\u00e9 et de prix.<\/p><p class=\"\" data-start=\"593\" data-end=\"893\">L'a\u00e9roport de Valence est notamment une base op\u00e9rationnelle importante pour Iberia Regional (Air Nostrum), qui y a son si\u00e8ge. Il s'agit \u00e9galement d'une base importante pour la compagnie a\u00e9rienne \u00e0 bas prix Ryanair et d'une ville principale pour Vueling, qui relie Valence \u00e0 diverses destinations en Espagne, en Europe et au-del\u00e0.<\/p>\t\t\t\t\t\t\t\t<\/div>\n\t\t\t\t<\/div>\n\t\t\t\t\t<\/div>\n\t\t<\/div>\n\t\t\t\t<div class=\"elementor-column elementor-col-33 elementor-inner-column elementor-element elementor-element-6bcd982a\" data-id=\"6bcd982a\" data-element_type=\"column\" data-e-type=\"column\">\n\t\t\t<div class=\"elementor-widget-wrap elementor-element-populated\">\n\t\t\t\t\t\t<div class=\"elementor-element elementor-element-763d09d elementor-widget elementor-widget-heading\" data-id=\"763d09d\" data-element_type=\"widget\" data-e-type=\"widget\" data-widget_type=\"heading.default\">\n\t\t\t\t<div class=\"elementor-widget-container\">\n\t\t\t\t\t<h2 class=\"elementor-heading-title elementor-size-default\">Facilit\u00e9s de stationnement<\/h2>\t\t\t\t<\/div>\n\t\t\t\t<\/div>\n\t\t\t\t<div class=\"elementor-element elementor-element-bfe16fe elementor-widget elementor-widget-text-editor\" data-id=\"bfe16fe\" data-element_type=\"widget\" data-e-type=\"widget\" data-widget_type=\"text-editor.default\">\n\t\t\t\t<div class=\"elementor-widget-container\">\n\t\t\t\t\t\t\t\t\t<p class=\"\" data-start=\"201\" data-end=\"619\">L'a\u00e9roport de Valence offre des services pratiques et abondants. <a href=\"https:\/\/valencia-international-airport.com\/guide\/parking\/\">les facilit\u00e9s de stationnement<\/a> Le parking principal (P1) est situ\u00e9 directement en face de l'a\u00e9rogare et offre environ 3 000 places de stationnement. Le parking principal (P1), situ\u00e9 juste en face du terminal, offre environ 3 000 places de stationnement, id\u00e9ales pour les s\u00e9jours de courte ou de longue dur\u00e9e. En outre, les passagers qui souhaitent un acc\u00e8s rapide peuvent utiliser la zone de stationnement express situ\u00e9e directement \u00e0 l'ext\u00e9rieur du terminal pour d\u00e9poser leurs bagages ou s\u00e9journer bri\u00e8vement.<\/p><p class=\"\" data-start=\"621\" data-end=\"955\">Pour les voyageurs exigeant une plus grande commodit\u00e9, l'a\u00e9roport de Valence propose \u00e9galement des services de stationnement VIP, comprenant des places r\u00e9serv\u00e9es, un acc\u00e8s direct au terminal et des \u00e9quipements de confort suppl\u00e9mentaires. En outre, des options \u00e9conomiques de stationnement \u00e0 long terme sont disponibles \u00e0 quelques minutes de marche du terminal, ce qui permet d'assurer des prix abordables pour des dur\u00e9es prolong\u00e9es.<\/p>\t\t\t\t\t\t\t\t<\/div>\n\t\t\t\t<\/div>\n\t\t\t\t\t<\/div>\n\t\t<\/div>\n\t\t\t\t<div class=\"elementor-column elementor-col-33 elementor-inner-column elementor-element elementor-element-6df965ee\" data-id=\"6df965ee\" data-element_type=\"column\" data-e-type=\"column\">\n\t\t\t<div class=\"elementor-widget-wrap elementor-element-populated\">\n\t\t\t\t\t\t<div class=\"elementor-element elementor-element-bc6a682 elementor-widget elementor-widget-heading\" data-id=\"bc6a682\" data-element_type=\"widget\" data-e-type=\"widget\" data-widget_type=\"heading.default\">\n\t\t\t\t<div class=\"elementor-widget-container\">\n\t\t\t\t\t<h2 class=\"elementor-heading-title elementor-size-default\">Options de transport en commun\n<\/h2>\t\t\t\t<\/div>\n\t\t\t\t<\/div>\n\t\t\t\t<div class=\"elementor-element elementor-element-f16a7fe elementor-widget elementor-widget-text-editor\" data-id=\"f16a7fe\" data-element_type=\"widget\" data-e-type=\"widget\" data-widget_type=\"text-editor.default\">\n\t\t\t\t<div class=\"elementor-widget-container\">\n\t\t\t\t\t\t\t\t\t<p>Les passagers voyageant de l'a\u00e9roport de Valence (VLC) vers le centre ville de Valence ou ses environs peuvent choisir parmi plusieurs alternatives de transport en commun :<\/p><ol><li>un <a href=\"https:\/\/valencia-international-airport.com\/transportation\/airport-taxis\/\">Taxi pour l'a\u00e9roport de Valence<\/a><\/li><li>un bus \/ le<a href=\"https:\/\/valencia-international-airport.com\/transportation\/bus\/\">\u00a0A\u00e9robus<\/a><\/li><li>les <a href=\"https:\/\/valencia-international-airport.com\/transportation\/subway\/\">Metrovalencia (lignes 3 et 5)<\/a><\/li><li>a\u00a0<a href=\"https:\/\/valencia-international-airport.com\/transportation\/airport-transfers\/\">Transfert de l'a\u00e9roport de Valence<\/a><\/li><li>a<a href=\"https:\/\/valencia-international-airport.com\/transportation\/airport-car-rentals\/\">\u00a0location de voiture<\/a><\/li><\/ol>\t\t\t\t\t\t\t\t<\/div>\n\t\t\t\t<\/div>\n\t\t\t\t\t<\/div>\n\t\t<\/div>\n\t\t\t\t\t<\/div>\n\t\t<\/section>\n\t\t\t\t<section class=\"elementor-section elementor-inner-section elementor-element elementor-element-384a7a62 elementor-section-boxed elementor-section-height-default elementor-section-height-default\" data-id=\"384a7a62\" data-element_type=\"section\" data-e-type=\"section\">\n\t\t\t\t\t\t<div class=\"elementor-container elementor-column-gap-default\">\n\t\t\t\t\t<div class=\"elementor-column elementor-col-50 elementor-inner-column elementor-element elementor-element-7ad09e32\" data-id=\"7ad09e32\" data-element_type=\"column\" data-e-type=\"column\">\n\t\t\t<div class=\"elementor-widget-wrap elementor-element-populated\">\n\t\t\t\t\t\t<div class=\"elementor-element elementor-element-ca8fa56 elementor-widget elementor-widget-heading\" data-id=\"ca8fa56\" data-element_type=\"widget\" data-e-type=\"widget\" data-widget_type=\"heading.default\">\n\t\t\t\t<div class=\"elementor-widget-container\">\n\t\t\t\t\t<h2 class=\"elementor-heading-title elementor-size-default\">Services et commodit\u00e9s\n<\/h2>\t\t\t\t<\/div>\n\t\t\t\t<\/div>\n\t\t\t\t<div class=\"elementor-element elementor-element-2b9461b elementor-widget elementor-widget-text-editor\" data-id=\"2b9461b\" data-element_type=\"widget\" data-e-type=\"widget\" data-widget_type=\"text-editor.default\">\n\t\t\t\t<div class=\"elementor-widget-container\">\n\t\t\t\t\t\t\t\t\t<p class=\"\" data-start=\"174\" data-end=\"379\">La VLC est enti\u00e8rement \u00e9quip\u00e9e pour garantir une exp\u00e9rience de voyage confortable, pratique et agr\u00e9able. Les voyageurs peuvent s'attendre \u00e0 un large \u00e9ventail d'\u00e9quipements et de services de haute qualit\u00e9, notamment<\/p><ul data-start=\"381\" data-end=\"1052\" data-is-last-node=\"\" data-is-only-node=\"\"><li class=\"\" data-start=\"381\" data-end=\"423\"><p class=\"\" data-start=\"383\" data-end=\"423\">Magasins de d\u00e9tail et boutiques hors taxes<\/p><\/li><li class=\"\" data-start=\"424\" data-end=\"458\"><p class=\"\" data-start=\"426\" data-end=\"458\">Restaurants, caf\u00e9s et bars<\/p><\/li><li class=\"\" data-start=\"459\" data-end=\"524\"><p class=\"\" data-start=\"461\" data-end=\"524\">Emballage des bagages, entreposage des bagages et bureaux des objets trouv\u00e9s<\/p><\/li><li class=\"\" data-start=\"525\" data-end=\"568\"><p class=\"\" data-start=\"527\" data-end=\"568\">Installations professionnelles et salles de r\u00e9union<\/p><\/li><li class=\"\" data-start=\"569\" data-end=\"615\"><p class=\"\" data-start=\"571\" data-end=\"615\">Assistance m\u00e9dicale et services pharmaceutiques<\/p><\/li><li class=\"\" data-start=\"616\" data-end=\"667\"><p class=\"\" data-start=\"618\" data-end=\"667\">Services bancaires, guichets automatiques et services de change<\/p><\/li><li class=\"\" data-start=\"668\" data-end=\"716\"><p class=\"\" data-start=\"670\" data-end=\"716\">Equipements familiaux et aires de jeux pour enfants<\/p><\/li><li class=\"\" data-start=\"717\" data-end=\"757\"><p class=\"\" data-start=\"719\" data-end=\"757\">Chapelle multiconfessionnelle et salles de repos<\/p><\/li><li class=\"\" data-start=\"758\" data-end=\"802\"><p class=\"\" data-start=\"760\" data-end=\"802\">Des salons VIP pour la d\u00e9tente et le confort<\/p><\/li><li class=\"\" data-start=\"803\" data-end=\"854\"><p class=\"\" data-start=\"805\" data-end=\"854\">Wi-Fi haut d\u00e9bit gratuit dans tout le terminal<\/p><\/li><li class=\"\" data-start=\"855\" data-end=\"899\"><p class=\"\" data-start=\"857\" data-end=\"899\">Bureaux des voyagistes et des agences de voyage<\/p><\/li><li class=\"\" data-start=\"900\" data-end=\"939\"><p class=\"\" data-start=\"902\" data-end=\"939\">Kiosques d'information et d'assistance<\/p><\/li><li class=\"\" data-start=\"940\" data-end=\"975\"><p class=\"\" data-start=\"942\" data-end=\"975\">Fontaines accessibles<\/p><\/li><li class=\"\" data-start=\"976\" data-end=\"1052\"><p class=\"\" data-start=\"978\" data-end=\"1052\">Assistance et installations sp\u00e9ciales pour les passagers \u00e0 mobilit\u00e9 r\u00e9duite<\/p><\/li><\/ul>\t\t\t\t\t\t\t\t<\/div>\n\t\t\t\t<\/div>\n\t\t\t\t\t<\/div>\n\t\t<\/div>\n\t\t\t\t<div class=\"elementor-column elementor-col-50 elementor-inner-column elementor-element elementor-element-291cc60a\" data-id=\"291cc60a\" data-element_type=\"column\" data-e-type=\"column\">\n\t\t\t<div class=\"elementor-widget-wrap elementor-element-populated\">\n\t\t\t\t\t\t<div class=\"elementor-element elementor-element-002b7d9 elementor-widget elementor-widget-heading\" data-id=\"002b7d9\" data-element_type=\"widget\" data-e-type=\"widget\" data-widget_type=\"heading.default\">\n\t\t\t\t<div class=\"elementor-widget-container\">\n\t\t\t\t\t<h2 class=\"elementor-heading-title elementor-size-default\">Contact\n<\/h2>\t\t\t\t<\/div>\n\t\t\t\t<\/div>\n\t\t\t\t<div class=\"elementor-element elementor-element-566694f elementor-widget elementor-widget-text-editor\" data-id=\"566694f\" data-element_type=\"widget\" data-e-type=\"widget\" data-widget_type=\"text-editor.default\">\n\t\t\t\t<div class=\"elementor-widget-container\">\n\t\t\t\t\t\t\t\t\t<p class=\"\" data-start=\"0\" data-end=\"68\">Nom officiel : <strong>A\u00e9roport de Valence (Aeropuerto de Valencia-Manises)<\/strong><\/p><p class=\"\" data-start=\"70\" data-end=\"144\">Adresse : <strong>Carretera del Aeropuerto, s\/n, 46940 Manises, Valencia, Espagne<\/strong><\/p><p class=\"\" data-start=\"146\" data-end=\"181\">Num\u00e9ro de t\u00e9l\u00e9phone : <strong>(+34) 913 211 000<\/strong><\/p><p class=\"\" data-start=\"183\" data-end=\"206\">Horaires d'ouverture : <strong>24\/7<\/strong><\/p><p class=\"\" data-start=\"208\" data-end=\"306\">Site web officiel : \u00a0<a class=\"cursor-pointer\" href=\"https:\/\/www.aena.es\/en\/valencia.html\" target=\"_blank\" rel=\"nofollow noopener\" data-start=\"230\" data-end=\"306\" data-is-last-node=\"\">www.aena.es<\/a><\/p>\t\t\t\t\t\t\t\t<\/div>\n\t\t\t\t<\/div>\n\t\t\t\t<div class=\"elementor-element elementor-element-6fe27e6 elementor-widget elementor-widget-heading\" data-id=\"6fe27e6\" data-element_type=\"widget\" data-e-type=\"widget\" data-widget_type=\"heading.default\">\n\t\t\t\t<div class=\"elementor-widget-container\">\n\t\t\t\t\t<h2 class=\"elementor-heading-title elementor-size-default\">La ville de Valence\n<\/h2>\t\t\t\t<\/div>\n\t\t\t\t<\/div>\n\t\t\t\t<div class=\"elementor-element elementor-element-10a3f65 elementor-widget elementor-widget-text-editor\" data-id=\"10a3f65\" data-element_type=\"widget\" data-e-type=\"widget\" data-widget_type=\"text-editor.default\">\n\t\t\t\t<div class=\"elementor-widget-container\">\n\t\t\t\t\t\t\t\t\t<p>Valence allie admirablement un h\u00e9ritage s\u00e9culaire et un charme contemporain. Son pass\u00e9 historique vibrant est \u00e9vident dans toute la ville, comme en t\u00e9moignent l'architecture impressionnante, les points de rep\u00e8re embl\u00e9matiques et les places anim\u00e9es. En m\u00eame temps, Valence se distingue comme une ville moderne et dynamique, r\u00e9put\u00e9e pour sa sc\u00e8ne culturelle florissante, ses \u00e9v\u00e9nements artistiques novateurs, ses quartiers de mode \u00e9l\u00e9gants et sa vie nocturne tr\u00e9pidante. Les visiteurs sont rapidement captiv\u00e9s par l'esprit m\u00e9diterran\u00e9en accueillant de la ville, ce qui leur garantit une exp\u00e9rience authentique remplie de chaleur et d'hospitalit\u00e9.<\/p>\t\t\t\t\t\t\t\t<\/div>\n\t\t\t\t<\/div>\n\t\t\t\t\t<\/div>\n\t\t<\/div>\n\t\t\t\t\t<\/div>\n\t\t<\/section>\n\t\t\t\t\t<\/div>\n\t\t<\/div>\n\t\t\t\t\t<\/div>\n\t\t<\/section>\n\t\t\t\t<section class=\"elementor-section elementor-top-section elementor-element elementor-element-4e151ddb elementor-section-boxed elementor-section-height-default elementor-section-height-default\" data-id=\"4e151ddb\" data-element_type=\"section\" data-e-type=\"section\" data-settings=\"{&quot;background_background&quot;:&quot;classic&quot;}\">\n\t\t\t\t\t\t<div class=\"elementor-container elementor-column-gap-default\">\n\t\t\t\t\t<div class=\"elementor-column elementor-col-100 elementor-top-column elementor-element elementor-element-4df875da\" data-id=\"4df875da\" data-element_type=\"column\" data-e-type=\"column\">\n\t\t\t<div class=\"elementor-widget-wrap elementor-element-populated\">\n\t\t\t\t\t\t<div class=\"elementor-element elementor-element-f475fb2 elementor-widget elementor-widget-heading\" data-id=\"f475fb2\" data-element_type=\"widget\" data-e-type=\"widget\" data-widget_type=\"heading.default\">\n\t\t\t\t<div class=\"elementor-widget-container\">\n\t\t\t\t\t<h2 class=\"elementor-heading-title elementor-size-default\">FAQ<\/h2>\t\t\t\t<\/div>\n\t\t\t\t<\/div>\n\t\t\t\t<section class=\"elementor-section elementor-inner-section elementor-element elementor-element-7f8c3956 elementor-section-content-middle elementor-section-boxed elementor-section-height-default elementor-section-height-default\" data-id=\"7f8c3956\" data-element_type=\"section\" data-e-type=\"section\">\n\t\t\t\t\t\t<div class=\"elementor-container elementor-column-gap-default\">\n\t\t\t\t\t<div class=\"elementor-column elementor-col-100 elementor-inner-column elementor-element elementor-element-254613c8\" data-id=\"254613c8\" data-element_type=\"column\" data-e-type=\"column\">\n\t\t\t<div class=\"elementor-widget-wrap elementor-element-populated\">\n\t\t\t\t\t\t<div class=\"elementor-element elementor-element-ce762ed elementor-widget elementor-widget-heading\" data-id=\"ce762ed\" data-element_type=\"widget\" data-e-type=\"widget\" data-widget_type=\"heading.default\">\n\t\t\t\t<div class=\"elementor-widget-container\">\n\t\t\t\t\t<h3 class=\"elementor-heading-title elementor-size-default\">Y a-t-il plusieurs a\u00e9roports desservant Valence ?\n<\/h3>\t\t\t\t<\/div>\n\t\t\t\t<\/div>\n\t\t\t\t<div class=\"elementor-element elementor-element-9e2f59b elementor-widget elementor-widget-text-editor\" data-id=\"9e2f59b\" data-element_type=\"widget\" data-e-type=\"widget\" data-widget_type=\"text-editor.default\">\n\t\t\t\t<div class=\"elementor-widget-container\">\n\t\t\t\t\t\t\t\t\t<p data-pm-slice=\"1 1 []\">Valence est principalement desservie par un a\u00e9roport principal, l'a\u00e9roport de Valence (\u00e9galement connu sous le nom d'a\u00e9roport de Manises), situ\u00e9 \u00e0 seulement 8 km (5 miles) \u00e0 l'ouest du centre-ville. L'a\u00e9roport d'Alicante-Elche, situ\u00e9 \u00e0 environ 170 km, dessert \u00e9galement les voyageurs qui se rendent dans la r\u00e9gion, en fonction de la commodit\u00e9 et des besoins sp\u00e9cifiques.<\/p>\t\t\t\t\t\t\t\t<\/div>\n\t\t\t\t<\/div>\n\t\t\t\t<div class=\"elementor-element elementor-element-ac9fabe elementor-widget elementor-widget-heading\" data-id=\"ac9fabe\" data-element_type=\"widget\" data-e-type=\"widget\" data-widget_type=\"heading.default\">\n\t\t\t\t<div class=\"elementor-widget-container\">\n\t\t\t\t\t<h3 class=\"elementor-heading-title elementor-size-default\">Quelle est la distance entre l'a\u00e9roport de Valence et le centre ville ?\n<\/h3>\t\t\t\t<\/div>\n\t\t\t\t<\/div>\n\t\t\t\t<div class=\"elementor-element elementor-element-01acc21 elementor-widget elementor-widget-text-editor\" data-id=\"01acc21\" data-element_type=\"widget\" data-e-type=\"widget\" data-widget_type=\"text-editor.default\">\n\t\t\t\t<div class=\"elementor-widget-container\">\n\t\t\t\t\t\t\t\t\t<p data-pm-slice=\"1 1 []\">L'a\u00e9roport de Valence est id\u00e9alement situ\u00e9 \u00e0 seulement 8 kilom\u00e8tres (5 miles) du centre ville de Valence. Cette courte distance garantit des transferts rapides et faciles entre l'a\u00e9roport et le centre ville par le biais de diff\u00e9rents moyens de transport. <a href=\"https:\/\/valencia-international-airport.com\/transportation\/\">options de transport<\/a>, Les services de transport en commun, y compris le m\u00e9tro, les bus, les taxis et les voitures de location.<\/p>\t\t\t\t\t\t\t\t<\/div>\n\t\t\t\t<\/div>\n\t\t\t\t<div class=\"elementor-element elementor-element-fd0c0bb elementor-widget elementor-widget-heading\" data-id=\"fd0c0bb\" data-element_type=\"widget\" data-e-type=\"widget\" data-widget_type=\"heading.default\">\n\t\t\t\t<div class=\"elementor-widget-container\">\n\t\t\t\t\t<h3 class=\"elementor-heading-title elementor-size-default\">Combien de terminaux l'a\u00e9roport de Valence poss\u00e8de-t-il ?\n<\/h3>\t\t\t\t<\/div>\n\t\t\t\t<\/div>\n\t\t\t\t<div class=\"elementor-element elementor-element-67f179b elementor-widget elementor-widget-text-editor\" data-id=\"67f179b\" data-element_type=\"widget\" data-e-type=\"widget\" data-widget_type=\"text-editor.default\">\n\t\t\t\t<div class=\"elementor-widget-container\">\n\t\t\t\t\t\t\t\t\t<p data-pm-slice=\"1 1 []\">L'a\u00e9roport de Valence dispose d'un terminal unique et efficace. Cet agencement rationalis\u00e9 simplifie la navigation et r\u00e9duit les temps de transit pour les voyageurs.<\/p>\t\t\t\t\t\t\t\t<\/div>\n\t\t\t\t<\/div>\n\t\t\t\t<div class=\"elementor-element elementor-element-16ec2d3 elementor-widget elementor-widget-heading\" data-id=\"16ec2d3\" data-element_type=\"widget\" data-e-type=\"widget\" data-widget_type=\"heading.default\">\n\t\t\t\t<div class=\"elementor-widget-container\">\n\t\t\t\t\t<h3 class=\"elementor-heading-title elementor-size-default\">L'a\u00e9roport de Valence est-il facile \u00e0 parcourir ?\n<\/h3>\t\t\t\t<\/div>\n\t\t\t\t<\/div>\n\t\t\t\t<div class=\"elementor-element elementor-element-21ae07d elementor-widget elementor-widget-text-editor\" data-id=\"21ae07d\" data-element_type=\"widget\" data-e-type=\"widget\" data-widget_type=\"text-editor.default\">\n\t\t\t\t<div class=\"elementor-widget-container\">\n\t\t\t\t\t\t\t\t\t<p data-pm-slice=\"1 1 []\">Oui, l'a\u00e9roport de Valence est con\u00e7u pour \u00eatre facile \u00e0 utiliser, avec une signalisation claire, une disposition compacte et des \u00e9quipements modernes adapt\u00e9s aux passagers. Les voyageurs trouvent qu'il est facile de s'y retrouver gr\u00e2ce \u00e0 la bonne organisation des espaces et des installations.<\/p>\t\t\t\t\t\t\t\t<\/div>\n\t\t\t\t<\/div>\n\t\t\t\t<div class=\"elementor-element elementor-element-d1e8603 elementor-widget elementor-widget-heading\" data-id=\"d1e8603\" data-element_type=\"widget\" data-e-type=\"widget\" data-widget_type=\"heading.default\">\n\t\t\t\t<div class=\"elementor-widget-container\">\n\t\t\t\t\t<h3 class=\"elementor-heading-title elementor-size-default\">\u00c0 quelle heure dois-je arriver \u00e0 l'a\u00e9roport de Valence ?\n<\/h3>\t\t\t\t<\/div>\n\t\t\t\t<\/div>\n\t\t\t\t<div class=\"elementor-element elementor-element-7f76710 elementor-widget elementor-widget-text-editor\" data-id=\"7f76710\" data-element_type=\"widget\" data-e-type=\"widget\" data-widget_type=\"text-editor.default\">\n\t\t\t\t<div class=\"elementor-widget-container\">\n\t\t\t\t\t\t\t\t\t<p data-pm-slice=\"1 1 []\">Il est conseill\u00e9 aux passagers d'arriver \u00e0 l'a\u00e9roport de Valence environ 2 heures avant l'heure de d\u00e9part pr\u00e9vue pour les vols nationaux et europ\u00e9ens, et environ 3 heures pour les vols internationaux. Cela permet de disposer de suffisamment de temps pour les proc\u00e9dures d'enregistrement, de s\u00e9curit\u00e9 et d'embarquement.<\/p>\t\t\t\t\t\t\t\t<\/div>\n\t\t\t\t<\/div>\n\t\t\t\t\t<\/div>\n\t\t<\/div>\n\t\t\t\t\t<\/div>\n\t\t<\/section>\n\t\t\t\t<div class=\"elementor-element elementor-element-f69522f elementor-widget elementor-widget-heading\" data-id=\"f69522f\" data-element_type=\"widget\" data-e-type=\"widget\" data-widget_type=\"heading.default\">\n\t\t\t\t<div class=\"elementor-widget-container\">\n\t\t\t\t\t<h3 class=\"elementor-heading-title elementor-size-default\">Quelles sont les possibilit\u00e9s de transport depuis l'a\u00e9roport de Valence ?<\/h3>\t\t\t\t<\/div>\n\t\t\t\t<\/div>\n\t\t\t\t<div class=\"elementor-element elementor-element-a51dabe elementor-widget elementor-widget-text-editor\" data-id=\"a51dabe\" data-element_type=\"widget\" data-e-type=\"widget\" data-widget_type=\"text-editor.default\">\n\t\t\t\t<div class=\"elementor-widget-container\">\n\t\t\t\t\t\t\t\t\t<p>Transfert de<a href=\"https:\/\/valencia-international-airport.com\/airport-transfer-to-valencia-city\/\">\u00a0De l'a\u00e9roport de Valence \u00e0 la ville<\/a>\u00a0ou ailleurs devrait s'av\u00e9rer \u00eatre une t\u00e2che ais\u00e9e. Outre le confort\u00a0<a href=\"https:\/\/valencia-international-airport.com\/transportation\/airport-taxis\/\">taxis d'a\u00e9roport<\/a>, le luxueux\u00a0<a href=\"https:\/\/valencia-international-airport.com\/transportation\/airport-transfers\/\">transferts priv\u00e9s vers l'a\u00e9roport<\/a>, et l'outil pratique<a href=\"https:\/\/valencia-international-airport.com\/transportation\/airport-car-rentals\/\">\u00a0location de voitures \u00e0 l'a\u00e9roport,<\/a> L'a\u00e9roport de Valence est \u00e9galement reli\u00e9 \u00e0 la ville de Valence par les transports publics. Ainsi, les bus, Metrovalencia sont \u00e0 votre disposition d\u00e8s votre arriv\u00e9e \u00e0 l'a\u00e9roport VLC.\u00a0<\/p>\t\t\t\t\t\t\t\t<\/div>\n\t\t\t\t<\/div>\n\t\t\t\t\t<\/div>\n\t\t<\/div>\n\t\t\t\t\t<\/div>\n\t\t<\/section>\n\t\t\t\t<section class=\"elementor-section elementor-top-section elementor-element elementor-element-549c835e elementor-section-boxed elementor-section-height-default elementor-section-height-default\" data-id=\"549c835e\" data-element_type=\"section\" data-e-type=\"section\">\n\t\t\t\t\t\t<div class=\"elementor-container elementor-column-gap-default\">\n\t\t\t\t\t<div class=\"elementor-column elementor-col-33 elementor-top-column elementor-element elementor-element-42bc11ea\" data-id=\"42bc11ea\" data-element_type=\"column\" data-e-type=\"column\">\n\t\t\t<div class=\"elementor-widget-wrap elementor-element-populated\">\n\t\t\t\t\t\t<div class=\"elementor-element elementor-element-e744e15 elementor-cta--skin-cover elementor-animated-content elementor-bg-transform elementor-bg-transform-zoom-in elementor-widget elementor-widget-call-to-action\" data-id=\"e744e15\" data-element_type=\"widget\" data-e-type=\"widget\" data-widget_type=\"call-to-action.default\">\n\t\t\t\t<div class=\"elementor-widget-container\">\n\t\t\t\t\t\t\t<div class=\"elementor-cta\">\n\t\t\t\t\t<div class=\"elementor-cta__bg-wrapper\">\n\t\t\t\t<div class=\"elementor-cta__bg elementor-bg\" style=\"background-image: url(https:\/\/valencia-international-airport.com\/wp-content\/uploads\/2025\/03\/valencia-airport-transportation-1024x768.jpg);\" role=\"img\" aria-label=\"transport a l&#039;aeroport de valencia\"><\/div>\n\t\t\t\t<div class=\"elementor-cta__bg-overlay\"><\/div>\n\t\t\t<\/div>\n\t\t\t\t\t\t\t<div class=\"elementor-cta__content\">\n\t\t\t\t\n\t\t\t\t\t\t\t\t\t<h3 class=\"elementor-cta__title elementor-cta__content-item elementor-content-item elementor-animated-item--grow\">\n\t\t\t\t\t\tTransport\t\t\t\t\t<\/h3>\n\t\t\t\t\n\t\t\t\t\n\t\t\t\t\t\t\t\t\t<div class=\"elementor-cta__button-wrapper elementor-cta__content-item elementor-content-item elementor-animated-item--grow\">\n\t\t\t\t\t<a class=\"elementor-cta__button elementor-button elementor-size-\" href=\"https:\/\/valencia-international-airport.com\/transportation\/\">\n\t\t\t\t\t\tEn savoir plus\t\t\t\t\t<\/a>\n\t\t\t\t\t<\/div>\n\t\t\t\t\t\t\t<\/div>\n\t\t\t\t\t\t<\/div>\n\t\t\t\t\t\t<\/div>\n\t\t\t\t<\/div>\n\t\t\t\t\t<\/div>\n\t\t<\/div>\n\t\t\t\t<div class=\"elementor-column elementor-col-33 elementor-top-column elementor-element elementor-element-15b94ca\" data-id=\"15b94ca\" data-element_type=\"column\" data-e-type=\"column\">\n\t\t\t<div class=\"elementor-widget-wrap elementor-element-populated\">\n\t\t\t\t\t\t<div class=\"elementor-element elementor-element-f4e7781 elementor-cta--skin-cover elementor-animated-content elementor-bg-transform elementor-bg-transform-zoom-in elementor-widget elementor-widget-call-to-action\" data-id=\"f4e7781\" data-element_type=\"widget\" data-e-type=\"widget\" data-widget_type=\"call-to-action.default\">\n\t\t\t\t<div class=\"elementor-widget-container\">\n\t\t\t\t\t\t\t<div class=\"elementor-cta\">\n\t\t\t\t\t<div class=\"elementor-cta__bg-wrapper\">\n\t\t\t\t<div class=\"elementor-cta__bg elementor-bg\" style=\"background-image: url(https:\/\/valencia-international-airport.com\/wp-content\/uploads\/2025\/03\/valencia-airport-guide-1024x768.jpg);\" role=\"img\" aria-label=\"guide des a\u00e9roports de valence\"><\/div>\n\t\t\t\t<div class=\"elementor-cta__bg-overlay\"><\/div>\n\t\t\t<\/div>\n\t\t\t\t\t\t\t<div class=\"elementor-cta__content\">\n\t\t\t\t\n\t\t\t\t\t\t\t\t\t<h3 class=\"elementor-cta__title elementor-cta__content-item elementor-content-item elementor-animated-item--grow\">\n\t\t\t\t\t\tGuide des a\u00e9roports\t\t\t\t\t<\/h3>\n\t\t\t\t\n\t\t\t\t\n\t\t\t\t\t\t\t\t\t<div class=\"elementor-cta__button-wrapper elementor-cta__content-item elementor-content-item elementor-animated-item--grow\">\n\t\t\t\t\t<a class=\"elementor-cta__button elementor-button elementor-size-\" href=\"https:\/\/valencia-international-airport.com\/guide\/\">\n\t\t\t\t\t\tEn savoir plus\t\t\t\t\t<\/a>\n\t\t\t\t\t<\/div>\n\t\t\t\t\t\t\t<\/div>\n\t\t\t\t\t\t<\/div>\n\t\t\t\t\t\t<\/div>\n\t\t\t\t<\/div>\n\t\t\t\t\t<\/div>\n\t\t<\/div>\n\t\t\t\t<div class=\"elementor-column elementor-col-33 elementor-top-column elementor-element elementor-element-0271301\" data-id=\"0271301\" data-element_type=\"column\" data-e-type=\"column\">\n\t\t\t<div class=\"elementor-widget-wrap elementor-element-populated\">\n\t\t\t\t\t\t<div class=\"elementor-element elementor-element-7f7bb49 elementor-cta--skin-cover elementor-animated-content elementor-bg-transform elementor-bg-transform-zoom-in elementor-widget elementor-widget-call-to-action\" data-id=\"7f7bb49\" data-element_type=\"widget\" data-e-type=\"widget\" data-widget_type=\"call-to-action.default\">\n\t\t\t\t<div class=\"elementor-widget-container\">\n\t\t\t\t\t\t\t<div class=\"elementor-cta\">\n\t\t\t\t\t<div class=\"elementor-cta__bg-wrapper\">\n\t\t\t\t<div class=\"elementor-cta__bg elementor-bg\" style=\"background-image: url(https:\/\/valencia-international-airport.com\/wp-content\/uploads\/2025\/03\/flight-valencia-airport-1024x768.jpg);\" role=\"img\" aria-label=\"vol aeroport de valencia\"><\/div>\n\t\t\t\t<div class=\"elementor-cta__bg-overlay\"><\/div>\n\t\t\t<\/div>\n\t\t\t\t\t\t\t<div class=\"elementor-cta__content\">\n\t\t\t\t\n\t\t\t\t\t\t\t\t\t<h3 class=\"elementor-cta__title elementor-cta__content-item elementor-content-item elementor-animated-item--grow\">\n\t\t\t\t\t\tVol\t\t\t\t\t<\/h3>\n\t\t\t\t\n\t\t\t\t\n\t\t\t\t\t\t\t\t\t<div class=\"elementor-cta__button-wrapper elementor-cta__content-item elementor-content-item elementor-animated-item--grow\">\n\t\t\t\t\t<a class=\"elementor-cta__button elementor-button elementor-size-\" href=\"https:\/\/valencia-international-airport.com\/flights\/\">\n\t\t\t\t\t\tEn savoir plus\t\t\t\t\t<\/a>\n\t\t\t\t\t<\/div>\n\t\t\t\t\t\t\t<\/div>\n\t\t\t\t\t\t<\/div>\n\t\t\t\t\t\t<\/div>\n\t\t\t\t<\/div>\n\t\t\t\t\t<\/div>\n\t\t<\/div>\n\t\t\t\t\t<\/div>\n\t\t<\/section>\n\t\t\t\t<section class=\"elementor-section elementor-top-section elementor-element elementor-element-1232ca15 elementor-section-boxed elementor-section-height-default elementor-section-height-default\" data-id=\"1232ca15\" data-element_type=\"section\" data-e-type=\"section\">\n\t\t\t\t\t\t<div class=\"elementor-container elementor-column-gap-default\">\n\t\t\t\t\t<div class=\"elementor-column elementor-col-100 elementor-top-column elementor-element elementor-element-37a74afa\" data-id=\"37a74afa\" data-element_type=\"column\" data-e-type=\"column\">\n\t\t\t<div class=\"elementor-widget-wrap elementor-element-populated\">\n\t\t\t\t\t\t<div class=\"elementor-element elementor-element-d81a5c8 elementor-widget elementor-widget-heading\" data-id=\"d81a5c8\" data-element_type=\"widget\" data-e-type=\"widget\" data-widget_type=\"heading.default\">\n\t\t\t\t<div class=\"elementor-widget-container\">\n\t\t\t\t\t<h2 class=\"elementor-heading-title elementor-size-default\">GALERIE PHOTO\n<\/h2>\t\t\t\t<\/div>\n\t\t\t\t<\/div>\n\t\t\t\t<div class=\"elementor-element elementor-element-790c606 elementor-widget elementor-widget-image-gallery\" data-id=\"790c606\" data-element_type=\"widget\" data-e-type=\"widget\" data-widget_type=\"image-gallery.default\">\n\t\t\t\t<div class=\"elementor-widget-container\">\n\t\t\t\t\t\t\t<div class=\"elementor-image-gallery\">\n\t\t\t<div id='gallery-1' class='gallery galleryid-36 gallery-columns-4 gallery-size-large'><figure class='gallery-item'>\n\t\t\t<div class='gallery-icon landscape'>\n\t\t\t\t<a data-elementor-open-lightbox=\"yes\" data-elementor-lightbox-slideshow=\"790c606\" data-elementor-lightbox-title=\"valencia airport transportation\" data-e-action-hash=\"#elementor-action%3Aaction%3Dlightbox%26settings%3DeyJpZCI6NDMyLCJ1cmwiOiJodHRwczpcL1wvdmFsZW5jaWEtaW50ZXJuYXRpb25hbC1haXJwb3J0LmNvbVwvd3AtY29udGVudFwvdXBsb2Fkc1wvMjAyNVwvMDNcL3ZhbGVuY2lhLWFpcnBvcnQtdHJhbnNwb3J0YXRpb24uanBnIiwic2xpZGVzaG93IjoiNzkwYzYwNiJ9\" href=\"https:\/\/valencia-international-airport.com\/wp-content\/uploads\/2025\/03\/valencia-airport-transportation.jpg\"><img fetchpriority=\"high\" decoding=\"async\" width=\"800\" height=\"600\" src=\"https:\/\/valencia-international-airport.com\/wp-content\/uploads\/2025\/03\/valencia-airport-transportation-1024x768.jpg\" class=\"attachment-large size-large\" alt=\"\" srcset=\"https:\/\/valencia-international-airport.com\/wp-content\/uploads\/2025\/03\/valencia-airport-transportation-1024x768.jpg 1024w, https:\/\/valencia-international-airport.com\/wp-content\/uploads\/2025\/03\/valencia-airport-transportation-300x225.jpg 300w, https:\/\/valencia-international-airport.com\/wp-content\/uploads\/2025\/03\/valencia-airport-transportation-768x576.jpg 768w, https:\/\/valencia-international-airport.com\/wp-content\/uploads\/2025\/03\/valencia-airport-transportation.jpg 1360w\" sizes=\"(max-width: 800px) 100vw, 800px\" \/><\/a>\n\t\t\t<\/div><\/figure><figure class='gallery-item'>\n\t\t\t<div class='gallery-icon landscape'>\n\t\t\t\t<a data-elementor-open-lightbox=\"yes\" data-elementor-lightbox-slideshow=\"790c606\" data-elementor-lightbox-title=\"VLC Airport\" data-e-action-hash=\"#elementor-action%3Aaction%3Dlightbox%26settings%3DeyJpZCI6NDM3LCJ1cmwiOiJodHRwczpcL1wvdmFsZW5jaWEtaW50ZXJuYXRpb25hbC1haXJwb3J0LmNvbVwvd3AtY29udGVudFwvdXBsb2Fkc1wvMjAyNVwvMDNcL1ZMQy1BaXJwb3J0LmpwZyIsInNsaWRlc2hvdyI6Ijc5MGM2MDYifQ%3D%3D\" href=\"https:\/\/valencia-international-airport.com\/wp-content\/uploads\/2025\/03\/VLC-Airport.jpg\"><img decoding=\"async\" width=\"800\" height=\"600\" src=\"https:\/\/valencia-international-airport.com\/wp-content\/uploads\/2025\/03\/VLC-Airport-1024x768.jpg\" class=\"attachment-large size-large\" alt=\"\" srcset=\"https:\/\/valencia-international-airport.com\/wp-content\/uploads\/2025\/03\/VLC-Airport-1024x768.jpg 1024w, https:\/\/valencia-international-airport.com\/wp-content\/uploads\/2025\/03\/VLC-Airport-300x225.jpg 300w, https:\/\/valencia-international-airport.com\/wp-content\/uploads\/2025\/03\/VLC-Airport-768x576.jpg 768w, https:\/\/valencia-international-airport.com\/wp-content\/uploads\/2025\/03\/VLC-Airport.jpg 1360w\" sizes=\"(max-width: 800px) 100vw, 800px\" \/><\/a>\n\t\t\t<\/div><\/figure><figure class='gallery-item'>\n\t\t\t<div class='gallery-icon landscape'>\n\t\t\t\t<a data-elementor-open-lightbox=\"yes\" data-elementor-lightbox-slideshow=\"790c606\" data-elementor-lightbox-title=\"valencia international airport\" data-e-action-hash=\"#elementor-action%3Aaction%3Dlightbox%26settings%3DeyJpZCI6NDM4LCJ1cmwiOiJodHRwczpcL1wvdmFsZW5jaWEtaW50ZXJuYXRpb25hbC1haXJwb3J0LmNvbVwvd3AtY29udGVudFwvdXBsb2Fkc1wvMjAyNVwvMDNcL3ZhbGVuY2lhLWludGVybmF0aW9uYWwtYWlycG9ydC5qcGciLCJzbGlkZXNob3ciOiI3OTBjNjA2In0%3D\" href=\"https:\/\/valencia-international-airport.com\/wp-content\/uploads\/2025\/03\/valencia-international-airport.jpg\"><img decoding=\"async\" width=\"800\" height=\"600\" src=\"https:\/\/valencia-international-airport.com\/wp-content\/uploads\/2025\/03\/valencia-international-airport-1024x768.jpg\" class=\"attachment-large size-large\" alt=\"\" srcset=\"https:\/\/valencia-international-airport.com\/wp-content\/uploads\/2025\/03\/valencia-international-airport-1024x768.jpg 1024w, https:\/\/valencia-international-airport.com\/wp-content\/uploads\/2025\/03\/valencia-international-airport-300x225.jpg 300w, https:\/\/valencia-international-airport.com\/wp-content\/uploads\/2025\/03\/valencia-international-airport-768x576.jpg 768w, https:\/\/valencia-international-airport.com\/wp-content\/uploads\/2025\/03\/valencia-international-airport.jpg 1360w\" sizes=\"(max-width: 800px) 100vw, 800px\" \/><\/a>\n\t\t\t<\/div><\/figure><figure class='gallery-item'>\n\t\t\t<div class='gallery-icon landscape'>\n\t\t\t\t<a data-elementor-open-lightbox=\"yes\" data-elementor-lightbox-slideshow=\"790c606\" data-elementor-lightbox-title=\"layover valencia airport\" data-e-action-hash=\"#elementor-action%3Aaction%3Dlightbox%26settings%3DeyJpZCI6NDM5LCJ1cmwiOiJodHRwczpcL1wvdmFsZW5jaWEtaW50ZXJuYXRpb25hbC1haXJwb3J0LmNvbVwvd3AtY29udGVudFwvdXBsb2Fkc1wvMjAyNVwvMDNcL2xheW92ZXItdmFsZW5jaWEtYWlycG9ydC5qcGciLCJzbGlkZXNob3ciOiI3OTBjNjA2In0%3D\" href=\"https:\/\/valencia-international-airport.com\/wp-content\/uploads\/2025\/03\/layover-valencia-airport.jpg\"><img loading=\"lazy\" decoding=\"async\" width=\"800\" height=\"600\" src=\"https:\/\/valencia-international-airport.com\/wp-content\/uploads\/2025\/03\/layover-valencia-airport-1024x768.jpg\" class=\"attachment-large size-large\" alt=\"Escale \u00e0 l&#039;a\u00e9roport de Valence\" srcset=\"https:\/\/valencia-international-airport.com\/wp-content\/uploads\/2025\/03\/layover-valencia-airport-1024x768.jpg 1024w, https:\/\/valencia-international-airport.com\/wp-content\/uploads\/2025\/03\/layover-valencia-airport-300x225.jpg 300w, https:\/\/valencia-international-airport.com\/wp-content\/uploads\/2025\/03\/layover-valencia-airport-768x576.jpg 768w, https:\/\/valencia-international-airport.com\/wp-content\/uploads\/2025\/03\/layover-valencia-airport.jpg 1360w\" sizes=\"(max-width: 800px) 100vw, 800px\" \/><\/a>\n\t\t\t<\/div><\/figure><figure class='gallery-item'>\n\t\t\t<div class='gallery-icon landscape'>\n\t\t\t\t<a data-elementor-open-lightbox=\"yes\" data-elementor-lightbox-slideshow=\"790c606\" data-elementor-lightbox-title=\"lavyor valencia airport\" data-e-action-hash=\"#elementor-action%3Aaction%3Dlightbox%26settings%3DeyJpZCI6NDQwLCJ1cmwiOiJodHRwczpcL1wvdmFsZW5jaWEtaW50ZXJuYXRpb25hbC1haXJwb3J0LmNvbVwvd3AtY29udGVudFwvdXBsb2Fkc1wvMjAyNVwvMDNcL2xhdnlvci12YWxlbmNpYS1haXJwb3J0LmpwZyIsInNsaWRlc2hvdyI6Ijc5MGM2MDYifQ%3D%3D\" href=\"https:\/\/valencia-international-airport.com\/wp-content\/uploads\/2025\/03\/lavyor-valencia-airport.jpg\"><img loading=\"lazy\" decoding=\"async\" width=\"800\" height=\"451\" src=\"https:\/\/valencia-international-airport.com\/wp-content\/uploads\/2025\/03\/lavyor-valencia-airport-1024x577.jpg\" class=\"attachment-large size-large\" alt=\"\" srcset=\"https:\/\/valencia-international-airport.com\/wp-content\/uploads\/2025\/03\/lavyor-valencia-airport-1024x577.jpg 1024w, https:\/\/valencia-international-airport.com\/wp-content\/uploads\/2025\/03\/lavyor-valencia-airport-300x169.jpg 300w, https:\/\/valencia-international-airport.com\/wp-content\/uploads\/2025\/03\/lavyor-valencia-airport-768x433.jpg 768w, https:\/\/valencia-international-airport.com\/wp-content\/uploads\/2025\/03\/lavyor-valencia-airport.jpg 1360w\" sizes=\"(max-width: 800px) 100vw, 800px\" \/><\/a>\n\t\t\t<\/div><\/figure><figure class='gallery-item'>\n\t\t\t<div class='gallery-icon landscape'>\n\t\t\t\t<a data-elementor-open-lightbox=\"yes\" data-elementor-lightbox-slideshow=\"790c606\" data-elementor-lightbox-title=\"valencia airport arrival\" data-e-action-hash=\"#elementor-action%3Aaction%3Dlightbox%26settings%3DeyJpZCI6NDQxLCJ1cmwiOiJodHRwczpcL1wvdmFsZW5jaWEtaW50ZXJuYXRpb25hbC1haXJwb3J0LmNvbVwvd3AtY29udGVudFwvdXBsb2Fkc1wvMjAyNVwvMDNcL3ZhbGVuY2lhLWFpcnBvcnQtYXJyaXZhbC5qcGciLCJzbGlkZXNob3ciOiI3OTBjNjA2In0%3D\" href=\"https:\/\/valencia-international-airport.com\/wp-content\/uploads\/2025\/03\/valencia-airport-arrival.jpg\"><img loading=\"lazy\" decoding=\"async\" width=\"800\" height=\"600\" src=\"https:\/\/valencia-international-airport.com\/wp-content\/uploads\/2025\/03\/valencia-airport-arrival-1024x768.jpg\" class=\"attachment-large size-large\" alt=\"Arriv\u00e9e \u00e0 l&#039;a\u00e9roport de Valence\" srcset=\"https:\/\/valencia-international-airport.com\/wp-content\/uploads\/2025\/03\/valencia-airport-arrival-1024x768.jpg 1024w, https:\/\/valencia-international-airport.com\/wp-content\/uploads\/2025\/03\/valencia-airport-arrival-300x225.jpg 300w, https:\/\/valencia-international-airport.com\/wp-content\/uploads\/2025\/03\/valencia-airport-arrival-768x576.jpg 768w, https:\/\/valencia-international-airport.com\/wp-content\/uploads\/2025\/03\/valencia-airport-arrival.jpg 1360w\" sizes=\"(max-width: 800px) 100vw, 800px\" \/><\/a>\n\t\t\t<\/div><\/figure><figure class='gallery-item'>\n\t\t\t<div class='gallery-icon landscape'>\n\t\t\t\t<a data-elementor-open-lightbox=\"yes\" data-elementor-lightbox-slideshow=\"790c606\" data-elementor-lightbox-title=\"valencia airport departure\" data-e-action-hash=\"#elementor-action%3Aaction%3Dlightbox%26settings%3DeyJpZCI6NDQyLCJ1cmwiOiJodHRwczpcL1wvdmFsZW5jaWEtaW50ZXJuYXRpb25hbC1haXJwb3J0LmNvbVwvd3AtY29udGVudFwvdXBsb2Fkc1wvMjAyNVwvMDNcL3ZhbGVuY2lhLWFpcnBvcnQtZGVwYXJ0dXJlLmpwZyIsInNsaWRlc2hvdyI6Ijc5MGM2MDYifQ%3D%3D\" href=\"https:\/\/valencia-international-airport.com\/wp-content\/uploads\/2025\/03\/valencia-airport-departure.jpg\"><img loading=\"lazy\" decoding=\"async\" width=\"500\" height=\"333\" src=\"https:\/\/valencia-international-airport.com\/wp-content\/uploads\/2025\/03\/valencia-airport-departure.jpg\" class=\"attachment-large size-large\" alt=\"d\u00e9part de l&#039;a\u00e9roport de valence\" srcset=\"https:\/\/valencia-international-airport.com\/wp-content\/uploads\/2025\/03\/valencia-airport-departure.jpg 500w, https:\/\/valencia-international-airport.com\/wp-content\/uploads\/2025\/03\/valencia-airport-departure-300x200.jpg 300w\" sizes=\"(max-width: 500px) 100vw, 500px\" \/><\/a>\n\t\t\t<\/div><\/figure><figure class='gallery-item'>\n\t\t\t<div class='gallery-icon landscape'>\n\t\t\t\t<a data-elementor-open-lightbox=\"yes\" data-elementor-lightbox-slideshow=\"790c606\" data-elementor-lightbox-title=\"valencia airport guide\" data-e-action-hash=\"#elementor-action%3Aaction%3Dlightbox%26settings%3DeyJpZCI6NDMxLCJ1cmwiOiJodHRwczpcL1wvdmFsZW5jaWEtaW50ZXJuYXRpb25hbC1haXJwb3J0LmNvbVwvd3AtY29udGVudFwvdXBsb2Fkc1wvMjAyNVwvMDNcL3ZhbGVuY2lhLWFpcnBvcnQtZ3VpZGUuanBnIiwic2xpZGVzaG93IjoiNzkwYzYwNiJ9\" href=\"https:\/\/valencia-international-airport.com\/wp-content\/uploads\/2025\/03\/valencia-airport-guide.jpg\"><img loading=\"lazy\" decoding=\"async\" width=\"800\" height=\"600\" src=\"https:\/\/valencia-international-airport.com\/wp-content\/uploads\/2025\/03\/valencia-airport-guide-1024x768.jpg\" class=\"attachment-large size-large\" alt=\"\" srcset=\"https:\/\/valencia-international-airport.com\/wp-content\/uploads\/2025\/03\/valencia-airport-guide-1024x768.jpg 1024w, https:\/\/valencia-international-airport.com\/wp-content\/uploads\/2025\/03\/valencia-airport-guide-300x225.jpg 300w, https:\/\/valencia-international-airport.com\/wp-content\/uploads\/2025\/03\/valencia-airport-guide-768x576.jpg 768w, https:\/\/valencia-international-airport.com\/wp-content\/uploads\/2025\/03\/valencia-airport-guide.jpg 1360w\" sizes=\"(max-width: 800px) 100vw, 800px\" \/><\/a>\n\t\t\t<\/div><\/figure><figure class='gallery-item'>\n\t\t\t<div class='gallery-icon landscape'>\n\t\t\t\t<a data-elementor-open-lightbox=\"yes\" data-elementor-lightbox-slideshow=\"790c606\" data-elementor-lightbox-title=\"Valencia Airport\" data-e-action-hash=\"#elementor-action%3Aaction%3Dlightbox%26settings%3DeyJpZCI6NDIxLCJ1cmwiOiJodHRwczpcL1wvdmFsZW5jaWEtaW50ZXJuYXRpb25hbC1haXJwb3J0LmNvbVwvd3AtY29udGVudFwvdXBsb2Fkc1wvMjAyNVwvMDNcL1ZhbGVuY2lhLUFpcnBvcnQuanBnIiwic2xpZGVzaG93IjoiNzkwYzYwNiJ9\" href=\"https:\/\/valencia-international-airport.com\/wp-content\/uploads\/2025\/03\/Valencia-Airport.jpg\"><img loading=\"lazy\" decoding=\"async\" width=\"800\" height=\"600\" src=\"https:\/\/valencia-international-airport.com\/wp-content\/uploads\/2025\/03\/Valencia-Airport-1024x768.jpg\" class=\"attachment-large size-large\" alt=\"A\u00e9roport de Valence\" srcset=\"https:\/\/valencia-international-airport.com\/wp-content\/uploads\/2025\/03\/Valencia-Airport-1024x768.jpg 1024w, https:\/\/valencia-international-airport.com\/wp-content\/uploads\/2025\/03\/Valencia-Airport-300x225.jpg 300w, https:\/\/valencia-international-airport.com\/wp-content\/uploads\/2025\/03\/Valencia-Airport-768x576.jpg 768w, https:\/\/valencia-international-airport.com\/wp-content\/uploads\/2025\/03\/Valencia-Airport.jpg 1360w\" sizes=\"(max-width: 800px) 100vw, 800px\" \/><\/a>\n\t\t\t<\/div><\/figure><figure class='gallery-item'>\n\t\t\t<div class='gallery-icon landscape'>\n\t\t\t\t<a data-elementor-open-lightbox=\"yes\" data-elementor-lightbox-slideshow=\"790c606\" data-elementor-lightbox-title=\"Valencia Airport (VLC)\" data-e-action-hash=\"#elementor-action%3Aaction%3Dlightbox%26settings%3DeyJpZCI6NDIwLCJ1cmwiOiJodHRwczpcL1wvdmFsZW5jaWEtaW50ZXJuYXRpb25hbC1haXJwb3J0LmNvbVwvd3AtY29udGVudFwvdXBsb2Fkc1wvMjAyNVwvMDNcL1ZhbGVuY2lhLUFpcnBvcnQtVkxDLmpwZyIsInNsaWRlc2hvdyI6Ijc5MGM2MDYifQ%3D%3D\" href=\"https:\/\/valencia-international-airport.com\/wp-content\/uploads\/2025\/03\/Valencia-Airport-VLC.jpg\"><img loading=\"lazy\" decoding=\"async\" width=\"800\" height=\"600\" src=\"https:\/\/valencia-international-airport.com\/wp-content\/uploads\/2025\/03\/Valencia-Airport-VLC-1024x768.jpg\" class=\"attachment-large size-large\" alt=\"A\u00e9roport de Valence (VLC)\" srcset=\"https:\/\/valencia-international-airport.com\/wp-content\/uploads\/2025\/03\/Valencia-Airport-VLC-1024x768.jpg 1024w, https:\/\/valencia-international-airport.com\/wp-content\/uploads\/2025\/03\/Valencia-Airport-VLC-300x225.jpg 300w, https:\/\/valencia-international-airport.com\/wp-content\/uploads\/2025\/03\/Valencia-Airport-VLC-768x576.jpg 768w, https:\/\/valencia-international-airport.com\/wp-content\/uploads\/2025\/03\/Valencia-Airport-VLC.jpg 1360w\" sizes=\"(max-width: 800px) 100vw, 800px\" \/><\/a>\n\t\t\t<\/div><\/figure><figure class='gallery-item'>\n\t\t\t<div class='gallery-icon landscape'>\n\t\t\t\t<a data-elementor-open-lightbox=\"yes\" data-elementor-lightbox-slideshow=\"790c606\" data-elementor-lightbox-title=\"flight valencia airport\" data-e-action-hash=\"#elementor-action%3Aaction%3Dlightbox%26settings%3DeyJpZCI6NDI5LCJ1cmwiOiJodHRwczpcL1wvdmFsZW5jaWEtaW50ZXJuYXRpb25hbC1haXJwb3J0LmNvbVwvd3AtY29udGVudFwvdXBsb2Fkc1wvMjAyNVwvMDNcL2ZsaWdodC12YWxlbmNpYS1haXJwb3J0LmpwZyIsInNsaWRlc2hvdyI6Ijc5MGM2MDYifQ%3D%3D\" href=\"https:\/\/valencia-international-airport.com\/wp-content\/uploads\/2025\/03\/flight-valencia-airport.jpg\"><img loading=\"lazy\" decoding=\"async\" width=\"800\" height=\"600\" src=\"https:\/\/valencia-international-airport.com\/wp-content\/uploads\/2025\/03\/flight-valencia-airport-1024x768.jpg\" class=\"attachment-large size-large\" alt=\"vol aeroport de valencia\" srcset=\"https:\/\/valencia-international-airport.com\/wp-content\/uploads\/2025\/03\/flight-valencia-airport-1024x768.jpg 1024w, https:\/\/valencia-international-airport.com\/wp-content\/uploads\/2025\/03\/flight-valencia-airport-300x225.jpg 300w, https:\/\/valencia-international-airport.com\/wp-content\/uploads\/2025\/03\/flight-valencia-airport-768x576.jpg 768w, https:\/\/valencia-international-airport.com\/wp-content\/uploads\/2025\/03\/flight-valencia-airport.jpg 1360w\" sizes=\"(max-width: 800px) 100vw, 800px\" \/><\/a>\n\t\t\t<\/div><\/figure>\n\t\t<\/div>\n\t\t<\/div>\n\t\t\t\t\t\t<\/div>\n\t\t\t\t<\/div>\n\t\t\t\t\t<\/div>\n\t\t<\/div>\n\t\t\t\t\t<\/div>\n\t\t<\/section>\n\t\t\t\t<\/div>","protected":false},"excerpt":{"rendered":"<p>Valencia Airport (VLC) A Key Spanish Gateway and Important Hub for Regional and International Travel Valencia Airport: A Convenient Gateway to Spain\u2019s Mediterranean Coast Valencia Airport, officially known as Aeropuerto de Valencia (VLC) or Manises Airport, is the main international gateway serving Valencia city and its surrounding communities. Conveniently located only 8 kilometers (approximately 5 [&hellip;]<\/p>\n","protected":false},"author":1,"featured_media":0,"parent":0,"menu_order":0,"comment_status":"closed","ping_status":"closed","template":"","meta":{"footnotes":""},"class_list":["post-36","page","type-page","status-publish","hentry"],"_links":{"self":[{"href":"https:\/\/valencia-international-airport.com\/fr\/wp-json\/wp\/v2\/pages\/36","targetHints":{"allow":["GET"]}}],"collection":[{"href":"https:\/\/valencia-international-airport.com\/fr\/wp-json\/wp\/v2\/pages"}],"about":[{"href":"https:\/\/valencia-international-airport.com\/fr\/wp-json\/wp\/v2\/types\/page"}],"author":[{"embeddable":true,"href":"https:\/\/valencia-international-airport.com\/fr\/wp-json\/wp\/v2\/users\/1"}],"replies":[{"embeddable":true,"href":"https:\/\/valencia-international-airport.com\/fr\/wp-json\/wp\/v2\/comments?post=36"}],"version-history":[{"count":74,"href":"https:\/\/valencia-international-airport.com\/fr\/wp-json\/wp\/v2\/pages\/36\/revisions"}],"predecessor-version":[{"id":759,"href":"https:\/\/valencia-international-airport.com\/fr\/wp-json\/wp\/v2\/pages\/36\/revisions\/759"}],"wp:attachment":[{"href":"https:\/\/valencia-international-airport.com\/fr\/wp-json\/wp\/v2\/media?parent=36"}],"curies":[{"name":"wp","href":"https:\/\/api.w.org\/{rel}","templated":true}]}}